{"id":1557,"date":"2023-04-19T16:45:30","date_gmt":"2023-04-19T14:45:30","guid":{"rendered":"https:\/\/www.lefruitierdeshalles.fr\/?post_type=cpt_services&#038;p=1557"},"modified":"2023-04-27T16:44:19","modified_gmt":"2023-04-27T14:44:19","slug":"fruits-secs","status":"publish","type":"cpt_services","link":"http:\/\/www.lefruitierdeshalles.fr\/index.php\/services\/fruits-secs\/","title":{"rendered":"Fruits secs"},"content":{"rendered":"<section class=\"wpb-content-wrapper\"><p>[vc_row][vc_column width=&#8221;1\/2&#8243; css=&#8221;.vc_custom_1479921547216{margin-top: -0.8em !important;margin-bottom: 1em !important;}&#8221;]<div id=\"sc_title_1796004603\"\r\n\t\tclass=\"sc_title sc_title_default\"><h3 class=\"sc_item_title sc_title_title sc_align_default sc_item_title_style_default\">Fruits secs<\/h3><div class=\"sc_item_descr sc_title_descr sc_align_default\">D\u00e9couvrez notre large gamme de fruits secs, soigneusement s\u00e9lectionn\u00e9s pour leur qualit\u00e9 exceptionnelle et leur saveur incomparable. Nous proposons une vari\u00e9t\u00e9 de fruits secs de haute qualit\u00e9, allant des abricots s\u00e9ch\u00e9s aux raisins, en passant par les noix et les graines. Tous nos fruits secs sont r\u00e9colt\u00e9s \u00e0 leur pleine maturit\u00e9 pour garantir leur go\u00fbt et leur texture uniques, puis s\u00e9ch\u00e9s selon des techniques artisanales pour conserver leur teneur en nutriments. Que vous cherchiez une collation saine pour la pause de l'apr\u00e8s-midi, ou des ingr\u00e9dients savoureux pour vos recettes pr\u00e9f\u00e9r\u00e9es, notre gamme de fruits secs r\u00e9pondra \u00e0 tous vos besoins. Parcourez notre s\u00e9lection d\u00e8s maintenant et d\u00e9couvrez le plaisir de manger des fruits secs de qualit\u00e9 sup\u00e9rieure.<\/div><\/div><!-- \/.sc_title -->[vc_empty_space height=&#8221;7.3rem&#8221; alter_height=&#8221;none&#8221; hide_on_mobile=&#8221;&#8221;][\/vc_column][vc_column width=&#8221;1\/2&#8243; css=&#8221;.vc_custom_1479883614224{margin-top: -3.6em !important;}&#8221;]<div class=\"sc_item_button sc_button_wrap sc_align_center\"><a href=\"https:\/\/www.ollca.com\/rouen\/boutiques\/fruitierdeshalles\"\r\n\t id=\"sc_button_357483598\" \r\n\tclass=\"sc_button sc_button_default sc_button_size_normal sc_button_icon_left\"\r\n\t\t><span class=\"sc_button_text\"><span class=\"sc_button_title\">Commander<\/span><\/span><!-- \/.sc_button_text --><\/a><!-- \/.sc_button --><\/div><!-- \/.sc_item_button -->[\/vc_column][\/vc_row][vc_row full_width=&#8221;stretch_row&#8221; css=&#8221;.vc_custom_1681907884770{background-color: #f28c02 !important;background-position: center !important;background-repeat: no-repeat !important;background-size: cover !important;}&#8221;][vc_column width=&#8221;1\/2&#8243;][vc_empty_space height=&#8221;&#8221; alter_height=&#8221;small&#8221; hide_on_mobile=&#8221;&#8221;][vc_single_image image=&#8221;1558&#8243; img_size=&#8221;full&#8221; alignment=&#8221;center&#8221; style=&#8221;vc_box_circle_2&#8243;][vc_empty_space height=&#8221;&#8221; alter_height=&#8221;small&#8221; hide_on_mobile=&#8221;&#8221;][\/vc_column][vc_column width=&#8221;1\/2&#8243;][vc_empty_space height=&#8221;&#8221; alter_height=&#8221;small&#8221; hide_on_mobile=&#8221;&#8221;]<div id=\"sc_title_52945147\"\r\n\t\tclass=\"scheme_dark sc_title sc_title_default\"><h3 class=\"sc_item_title sc_title_title sc_align_default sc_item_title_style_default\">Abricots secs<\/h3><div class=\"sc_item_descr sc_title_descr sc_align_default\">Les abricots secs sont des abricots qui ont \u00e9t\u00e9 d\u00e9shydrat\u00e9s en retirant l'eau de leur chair. Les abricots sont g\u00e9n\u00e9ralement s\u00e9ch\u00e9s au soleil ou dans des s\u00e9choirs \u00e0 air chaud pour pr\u00e9server leur saveur et leur texture. Les abricots secs sont une source de nutriments importants tels que le fer, le potassium et les fibres alimentaires. Ils sont riches en antioxydants et peuvent aider \u00e0 maintenir la sant\u00e9 digestive et \u00e0 r\u00e9duire le risque de maladies chroniques. Les abricots secs sont souvent consomm\u00e9s comme collation, utilis\u00e9s pour la pr\u00e9paration de desserts, tels que les g\u00e2teaux et les tartes, ou ajout\u00e9s aux salades et aux plats sal\u00e9s pour ajouter une touche sucr\u00e9e.<\/div><\/div><!-- \/.sc_title -->[\/vc_column][\/vc_row][vc_row full_width=&#8221;stretch_row&#8221; css=&#8221;.vc_custom_1681907884770{background-color: #f28c02 !important;background-position: center !important;background-repeat: no-repeat !important;background-size: cover !important;}&#8221;][vc_column width=&#8221;1\/2&#8243;][vc_empty_space height=&#8221;&#8221; alter_height=&#8221;small&#8221; hide_on_mobile=&#8221;&#8221;][vc_single_image image=&#8221;1559&#8243; img_size=&#8221;full&#8221; alignment=&#8221;center&#8221; style=&#8221;vc_box_circle_2&#8243;][vc_empty_space height=&#8221;&#8221; alter_height=&#8221;small&#8221; hide_on_mobile=&#8221;&#8221;][\/vc_column][vc_column width=&#8221;1\/2&#8243;][vc_empty_space height=&#8221;&#8221; alter_height=&#8221;small&#8221; hide_on_mobile=&#8221;&#8221;]<div id=\"sc_title_6841601\"\r\n\t\tclass=\"scheme_dark sc_title sc_title_default\"><h3 class=\"sc_item_title sc_title_title sc_align_default sc_item_title_style_default\">Amandes<\/h3><div class=\"sc_item_descr sc_title_descr sc_align_default\">Les amandes sont des fruits \u00e0 coque de l'arbre d'amandier, originaires d'Asie centrale et de la r\u00e9gion m\u00e9diterran\u00e9enne. Les amandes ont une peau brune et une chair blanche et croquante. Elles sont riches en nutriments, tels que les prot\u00e9ines, les graisses insatur\u00e9es, les fibres alimentaires, la vitamine E et les min\u00e9raux, tels que le calcium et le magn\u00e9sium. Les amandes sont souvent consomm\u00e9es comme collation, ajout\u00e9es aux salades, utilis\u00e9es pour la pr\u00e9paration de desserts et de p\u00e2tisseries, telles que les macarons et les croissants, ou transform\u00e9es en beurre d'amande. Elles peuvent \u00e9galement \u00eatre utilis\u00e9es pour produire du lait d'amande, une alternative v\u00e9g\u00e9talienne et sans lactose au lait de vache.<\/div><\/div><!-- \/.sc_title -->[\/vc_column][\/vc_row][vc_row full_width=&#8221;stretch_row&#8221; css=&#8221;.vc_custom_1681907884770{background-color: #f28c02 !important;background-position: center !important;background-repeat: no-repeat !important;background-size: cover !important;}&#8221;][vc_column width=&#8221;1\/2&#8243;][vc_empty_space height=&#8221;&#8221; alter_height=&#8221;small&#8221; hide_on_mobile=&#8221;&#8221;][vc_single_image image=&#8221;1560&#8243; img_size=&#8221;full&#8221; alignment=&#8221;center&#8221; style=&#8221;vc_box_circle_2&#8243;][vc_empty_space height=&#8221;&#8221; alter_height=&#8221;small&#8221; hide_on_mobile=&#8221;&#8221;][\/vc_column][vc_column width=&#8221;1\/2&#8243;][vc_empty_space height=&#8221;&#8221; alter_height=&#8221;small&#8221; hide_on_mobile=&#8221;&#8221;]<div id=\"sc_title_1756105466\"\r\n\t\tclass=\"scheme_dark sc_title sc_title_default\"><h3 class=\"sc_item_title sc_title_title sc_align_default sc_item_title_style_default\">Cacahu\u00e8tes<\/h3><div class=\"sc_item_descr sc_title_descr sc_align_default\">Les cacahu\u00e8tes sont des l\u00e9gumineuses originaires d'Am\u00e9rique du Sud, mais maintenant cultiv\u00e9es dans de nombreuses r\u00e9gions du monde. Elles ont une coque dure qui doit \u00eatre enlev\u00e9e pour r\u00e9v\u00e9ler la graine \u00e0 l'int\u00e9rieur, qui est riche en prot\u00e9ines, en graisses insatur\u00e9es, en fibres alimentaires et en divers nutriments, tels que le magn\u00e9sium, le phosphore et la vitamine B. Les cacahu\u00e8tes sont souvent consomm\u00e9es comme collation, grill\u00e9es ou non grill\u00e9es, sal\u00e9es ou non sal\u00e9es. Elles peuvent \u00e9galement \u00eatre utilis\u00e9es pour la pr\u00e9paration de beurre d'arachide, de sauces pour les plats sal\u00e9s et sucr\u00e9s, de desserts et de p\u00e2tisseries, telles que les biscuits et les brownies.<\/div><\/div><!-- \/.sc_title -->[\/vc_column][\/vc_row][vc_row full_width=&#8221;stretch_row&#8221; css=&#8221;.vc_custom_1681907884770{background-color: #f28c02 !important;background-position: center !important;background-repeat: no-repeat !important;background-size: cover !important;}&#8221;][vc_column width=&#8221;1\/2&#8243;][vc_empty_space height=&#8221;&#8221; alter_height=&#8221;small&#8221; hide_on_mobile=&#8221;&#8221;][vc_single_image image=&#8221;1561&#8243; img_size=&#8221;full&#8221; alignment=&#8221;center&#8221; style=&#8221;vc_box_circle_2&#8243;][vc_empty_space height=&#8221;&#8221; alter_height=&#8221;small&#8221; hide_on_mobile=&#8221;&#8221;][\/vc_column][vc_column width=&#8221;1\/2&#8243;][vc_empty_space height=&#8221;&#8221; alter_height=&#8221;small&#8221; hide_on_mobile=&#8221;&#8221;]<div id=\"sc_title_2033524423\"\r\n\t\tclass=\"scheme_dark sc_title sc_title_default\"><h3 class=\"sc_item_title sc_title_title sc_align_default sc_item_title_style_default\">Cerneaux de noix<\/h3><div class=\"sc_item_descr sc_title_descr sc_align_default\">Les cerneaux de noix sont la partie comestible de la noix, qui est le fruit de l'arbre de noyer. Les cerneaux de noix sont riches en nutriments, tels que les graisses insatur\u00e9es, les prot\u00e9ines, les fibres alimentaires, la vitamine E et les min\u00e9raux, tels que le magn\u00e9sium et le phosphore. Ils sont souvent consomm\u00e9s comme collation, ajout\u00e9s aux salades, utilis\u00e9s pour la pr\u00e9paration de desserts et de p\u00e2tisseries, tels que les g\u00e2teaux et les tartes, ou utilis\u00e9s pour produire de l'huile de noix.<\/div><\/div><!-- \/.sc_title -->[\/vc_column][\/vc_row][vc_row full_width=&#8221;stretch_row&#8221; css=&#8221;.vc_custom_1681907884770{background-color: #f28c02 !important;background-position: center !important;background-repeat: no-repeat !important;background-size: cover !important;}&#8221;][vc_column width=&#8221;1\/2&#8243;][vc_empty_space height=&#8221;&#8221; alter_height=&#8221;small&#8221; hide_on_mobile=&#8221;&#8221;][vc_single_image image=&#8221;1562&#8243; img_size=&#8221;full&#8221; alignment=&#8221;center&#8221; style=&#8221;vc_box_circle_2&#8243;][vc_empty_space height=&#8221;&#8221; alter_height=&#8221;small&#8221; hide_on_mobile=&#8221;&#8221;][\/vc_column][vc_column width=&#8221;1\/2&#8243;][vc_empty_space height=&#8221;&#8221; alter_height=&#8221;small&#8221; hide_on_mobile=&#8221;&#8221;]<div id=\"sc_title_1205447671\"\r\n\t\tclass=\"scheme_dark sc_title sc_title_default\"><h3 class=\"sc_item_title sc_title_title sc_align_default sc_item_title_style_default\">Ch\u00e2taignes<\/h3><div class=\"sc_item_descr sc_title_descr sc_align_default\">Les ch\u00e2taignes sont le fruit de l'arbre ch\u00e2taignier, originaires d'Europe et d'Asie. Elles ont une enveloppe \u00e9pineuse qui doit \u00eatre retir\u00e9e pour r\u00e9v\u00e9ler la ch\u00e2taigne \u00e0 l'int\u00e9rieur. Les ch\u00e2taignes sont riches en glucides complexes, en fibres alimentaires, en vitamine C et en min\u00e9raux, tels que le potassium et le magn\u00e9sium. Elles peuvent \u00eatre consomm\u00e9es crues, bouillies, r\u00f4ties ou grill\u00e9es et sont souvent utilis\u00e9es dans la pr\u00e9paration de plats sal\u00e9s, tels que la soupe de ch\u00e2taignes, et de desserts sucr\u00e9s, tels que la tarte aux ch\u00e2taignes. Les ch\u00e2taignes peuvent \u00e9galement \u00eatre transform\u00e9es en farine de ch\u00e2taigne, utilis\u00e9e dans la pr\u00e9paration de pains et de p\u00e2tisseries sans gluten.<\/div><\/div><!-- \/.sc_title -->[\/vc_column][\/vc_row][vc_row full_width=&#8221;stretch_row&#8221; css=&#8221;.vc_custom_1681907884770{background-color: #f28c02 !important;background-position: center !important;background-repeat: no-repeat !important;background-size: cover !important;}&#8221;][vc_column width=&#8221;1\/2&#8243;][vc_empty_space height=&#8221;&#8221; alter_height=&#8221;small&#8221; hide_on_mobile=&#8221;&#8221;][vc_single_image image=&#8221;1563&#8243; img_size=&#8221;full&#8221; alignment=&#8221;center&#8221; style=&#8221;vc_box_circle_2&#8243;][vc_empty_space height=&#8221;&#8221; alter_height=&#8221;small&#8221; hide_on_mobile=&#8221;&#8221;][\/vc_column][vc_column width=&#8221;1\/2&#8243;][vc_empty_space height=&#8221;&#8221; alter_height=&#8221;small&#8221; hide_on_mobile=&#8221;&#8221;]<div id=\"sc_title_1088951281\"\r\n\t\tclass=\"scheme_dark sc_title sc_title_default\"><h3 class=\"sc_item_title sc_title_title sc_align_default sc_item_title_style_default\">Dattes branche<\/h3><div class=\"sc_item_descr sc_title_descr sc_align_default\">Les dattes branche sont des fruits s\u00e9ch\u00e9s qui proviennent du palmier dattier, originaires du Moyen-Orient et de l'Afrique du Nord. Elles sont connues pour leur texture moelleuse et leur saveur sucr\u00e9e et l\u00e9g\u00e8rement caram\u00e9lis\u00e9e. Les dattes sont riches en glucides simples, en fibres alimentaires, en vitamines et en min\u00e9raux, tels que le potassium et le magn\u00e9sium. Elles peuvent \u00eatre consomm\u00e9es comme collation saine, ajout\u00e9es aux smoothies et aux desserts, ou utilis\u00e9es pour la pr\u00e9paration de plats sucr\u00e9s et sal\u00e9s. Les dattes branche sont des dattes qui n'ont pas \u00e9t\u00e9 d\u00e9noyaut\u00e9es, ce qui les rend plus faciles \u00e0 conserver et \u00e0 transporter.<\/div><\/div><!-- \/.sc_title -->[\/vc_column][\/vc_row][vc_row full_width=&#8221;stretch_row&#8221; css=&#8221;.vc_custom_1681907884770{background-color: #f28c02 !important;background-position: center !important;background-repeat: no-repeat !important;background-size: cover !important;}&#8221;][vc_column width=&#8221;1\/2&#8243;][vc_empty_space height=&#8221;&#8221; alter_height=&#8221;small&#8221; hide_on_mobile=&#8221;&#8221;][vc_single_image image=&#8221;1564&#8243; img_size=&#8221;full&#8221; alignment=&#8221;center&#8221; style=&#8221;vc_box_circle_2&#8243;][vc_empty_space height=&#8221;&#8221; alter_height=&#8221;small&#8221; hide_on_mobile=&#8221;&#8221;][\/vc_column][vc_column width=&#8221;1\/2&#8243;][vc_empty_space height=&#8221;&#8221; alter_height=&#8221;small&#8221; hide_on_mobile=&#8221;&#8221;]<div id=\"sc_title_1964660724\"\r\n\t\tclass=\"scheme_dark sc_title sc_title_default\"><h3 class=\"sc_item_title sc_title_title sc_align_default sc_item_title_style_default\">Dattes Medjool<\/h3><div class=\"sc_item_descr sc_title_descr sc_align_default\">Les dattes Medjool sont un type de datte cultiv\u00e9 dans le d\u00e9sert de la vall\u00e9e de l'Euphrate en Irak, et aujourd'hui \u00e9galement dans d'autres pays comme Isra\u00ebl, les \u00c9tats-Unis, l'Espagne, la Jordanie et l'Arabie saoudite. Elles sont connues pour leur texture moelleuse et leur saveur sucr\u00e9e et caram\u00e9lis\u00e9e, ainsi que pour leur grande taille. Les dattes Medjool sont riches en glucides, en fibres alimentaires, en vitamines et en min\u00e9raux, tels que le potassium et le magn\u00e9sium. Elles peuvent \u00eatre consomm\u00e9es comme collation saine, ajout\u00e9es aux smoothies et aux desserts, ou utilis\u00e9es pour la pr\u00e9paration de plats sucr\u00e9s et sal\u00e9s. Les dattes Medjool sont souvent consid\u00e9r\u00e9es comme l'une des vari\u00e9t\u00e9s de dattes les plus savoureuses.<\/div><\/div><!-- \/.sc_title -->[\/vc_column][\/vc_row][vc_row full_width=&#8221;stretch_row&#8221; css=&#8221;.vc_custom_1681907884770{background-color: #f28c02 !important;background-position: center !important;background-repeat: no-repeat !important;background-size: cover !important;}&#8221;][vc_column width=&#8221;1\/2&#8243;][vc_empty_space height=&#8221;&#8221; alter_height=&#8221;small&#8221; hide_on_mobile=&#8221;&#8221;][vc_single_image image=&#8221;1565&#8243; img_size=&#8221;full&#8221; alignment=&#8221;center&#8221; style=&#8221;vc_box_circle_2&#8243;][vc_empty_space height=&#8221;&#8221; alter_height=&#8221;small&#8221; hide_on_mobile=&#8221;&#8221;][\/vc_column][vc_column width=&#8221;1\/2&#8243;][vc_empty_space height=&#8221;&#8221; alter_height=&#8221;small&#8221; hide_on_mobile=&#8221;&#8221;]<div id=\"sc_title_433202642\"\r\n\t\tclass=\"scheme_dark sc_title sc_title_default\"><h3 class=\"sc_item_title sc_title_title sc_align_default sc_item_title_style_default\">Noisettes<\/h3><div class=\"sc_item_descr sc_title_descr sc_align_default\">Les noisettes sont des fruits \u00e0 coque qui poussent sur des arbustes ou des arbres, originaires d'Europe et d'Asie. Elles sont riches en acides gras monoinsatur\u00e9s, en prot\u00e9ines, en fibres alimentaires, en vitamines et en min\u00e9raux, tels que le magn\u00e9sium et le potassium. Les noisettes peuvent \u00eatre consomm\u00e9es crues ou grill\u00e9es, sal\u00e9es ou sucr\u00e9es, et sont souvent utilis\u00e9es dans la pr\u00e9paration de p\u00e2tes \u00e0 tartiner, de desserts et de p\u00e2tisseries. Les noisettes peuvent \u00e9galement \u00eatre transform\u00e9es en farine de noisette, utilis\u00e9e dans la pr\u00e9paration de pains et de p\u00e2tisseries sans gluten.<\/div><\/div><!-- \/.sc_title -->[\/vc_column][\/vc_row][vc_row full_width=&#8221;stretch_row&#8221; css=&#8221;.vc_custom_1681907884770{background-color: #f28c02 !important;background-position: center !important;background-repeat: no-repeat !important;background-size: cover !important;}&#8221;][vc_column width=&#8221;1\/2&#8243;][vc_empty_space height=&#8221;&#8221; alter_height=&#8221;small&#8221; hide_on_mobile=&#8221;&#8221;][vc_single_image image=&#8221;1566&#8243; img_size=&#8221;full&#8221; alignment=&#8221;center&#8221; style=&#8221;vc_box_circle_2&#8243;][vc_empty_space height=&#8221;&#8221; alter_height=&#8221;small&#8221; hide_on_mobile=&#8221;&#8221;][\/vc_column][vc_column width=&#8221;1\/2&#8243;][vc_empty_space height=&#8221;&#8221; alter_height=&#8221;small&#8221; hide_on_mobile=&#8221;&#8221;]<div id=\"sc_title_362485608\"\r\n\t\tclass=\"scheme_dark sc_title sc_title_default\"><h3 class=\"sc_item_title sc_title_title sc_align_default sc_item_title_style_default\">Noix de cajou<\/h3><div class=\"sc_item_descr sc_title_descr sc_align_default\">Les noix de cajou sont des fruits \u00e0 coque qui proviennent de l'arbre d'anacardier, originaire du nord-est du Br\u00e9sil. Elles sont riches en acides gras insatur\u00e9s, en prot\u00e9ines, en fibres alimentaires, en vitamines et en min\u00e9raux, tels que le magn\u00e9sium et le cuivre. Les noix de cajou sont souvent consomm\u00e9es grill\u00e9es et sal\u00e9es, mais elles peuvent \u00e9galement \u00eatre utilis\u00e9es dans la pr\u00e9paration de plats sucr\u00e9s et sal\u00e9s, tels que les currys et les saut\u00e9s. Elles peuvent \u00e9galement \u00eatre transform\u00e9es en beurre de noix de cajou, qui est une alternative saine au beurre d'arachide.<\/div><\/div><!-- \/.sc_title -->[\/vc_column][\/vc_row][vc_row full_width=&#8221;stretch_row&#8221; css=&#8221;.vc_custom_1681907884770{background-color: #f28c02 !important;background-position: center !important;background-repeat: no-repeat !important;background-size: cover !important;}&#8221;][vc_column width=&#8221;1\/2&#8243;][vc_empty_space height=&#8221;&#8221; alter_height=&#8221;small&#8221; hide_on_mobile=&#8221;&#8221;][vc_single_image image=&#8221;1567&#8243; img_size=&#8221;full&#8221; alignment=&#8221;center&#8221; style=&#8221;vc_box_circle_2&#8243;][vc_empty_space height=&#8221;&#8221; alter_height=&#8221;small&#8221; hide_on_mobile=&#8221;&#8221;][\/vc_column][vc_column width=&#8221;1\/2&#8243;][vc_empty_space height=&#8221;&#8221; alter_height=&#8221;small&#8221; hide_on_mobile=&#8221;&#8221;]<div id=\"sc_title_1692620574\"\r\n\t\tclass=\"scheme_dark sc_title sc_title_default\"><h3 class=\"sc_item_title sc_title_title sc_align_default sc_item_title_style_default\">Noix de Macadamia<\/h3><div class=\"sc_item_descr sc_title_descr sc_align_default\">Les noix de macadamia sont des fruits \u00e0 coque originaires d'Australie, bien que la plupart des noix de macadamia vendues commercialement proviennent aujourd'hui d'Hawa\u00ef et d'autres r\u00e9gions tropicales du monde. Elles sont riches en acides gras monoinsatur\u00e9s, en prot\u00e9ines, en fibres alimentaires, en vitamines et en min\u00e9raux, tels que le magn\u00e9sium et le cuivre. Les noix de macadamia sont souvent consomm\u00e9es crues ou grill\u00e9es, sal\u00e9es ou sucr\u00e9es, et sont \u00e9galement utilis\u00e9es dans la pr\u00e9paration de desserts et de p\u00e2tisseries, ainsi que dans la production de lait de noix.<\/div><\/div><!-- \/.sc_title -->[\/vc_column][\/vc_row][vc_row full_width=&#8221;stretch_row&#8221; css=&#8221;.vc_custom_1681907884770{background-color: #f28c02 !important;background-position: center !important;background-repeat: no-repeat !important;background-size: cover !important;}&#8221;][vc_column width=&#8221;1\/2&#8243;][vc_empty_space height=&#8221;&#8221; alter_height=&#8221;small&#8221; hide_on_mobile=&#8221;&#8221;][vc_single_image image=&#8221;1568&#8243; img_size=&#8221;full&#8221; alignment=&#8221;center&#8221; style=&#8221;vc_box_circle_2&#8243;][vc_empty_space height=&#8221;&#8221; alter_height=&#8221;small&#8221; hide_on_mobile=&#8221;&#8221;][\/vc_column][vc_column width=&#8221;1\/2&#8243;][vc_empty_space height=&#8221;&#8221; alter_height=&#8221;small&#8221; hide_on_mobile=&#8221;&#8221;]<div id=\"sc_title_514017331\"\r\n\t\tclass=\"scheme_dark sc_title sc_title_default\"><h3 class=\"sc_item_title sc_title_title sc_align_default sc_item_title_style_default\">Noix de Pecan<\/h3><div class=\"sc_item_descr sc_title_descr sc_align_default\">Les noix de p\u00e9can sont des fruits \u00e0 coque qui proviennent du sud des \u00c9tats-Unis, bien qu'elles soient \u00e9galement cultiv\u00e9es dans d'autres r\u00e9gions du monde. Elles sont riches en acides gras insatur\u00e9s, en prot\u00e9ines, en fibres alimentaires, en vitamines et en min\u00e9raux, tels que le magn\u00e9sium et le zinc. Les noix de p\u00e9can sont souvent consomm\u00e9es grill\u00e9es et sal\u00e9es, mais elles peuvent \u00e9galement \u00eatre utilis\u00e9es dans la pr\u00e9paration de desserts et de p\u00e2tisseries, comme la c\u00e9l\u00e8bre tarte aux noix de p\u00e9can. Les noix de p\u00e9can peuvent \u00e9galement \u00eatre transform\u00e9es en beurre de noix de p\u00e9can, qui est une alternative saine au beurre d'arachide.<\/div><\/div><!-- \/.sc_title -->[\/vc_column][\/vc_row][vc_row full_width=&#8221;stretch_row&#8221; css=&#8221;.vc_custom_1681907884770{background-color: #f28c02 !important;background-position: center !important;background-repeat: no-repeat !important;background-size: cover !important;}&#8221;][vc_column width=&#8221;1\/2&#8243;][vc_empty_space height=&#8221;&#8221; alter_height=&#8221;small&#8221; hide_on_mobile=&#8221;&#8221;][vc_single_image image=&#8221;1569&#8243; img_size=&#8221;full&#8221; alignment=&#8221;center&#8221; style=&#8221;vc_box_circle_2&#8243;][vc_empty_space height=&#8221;&#8221; alter_height=&#8221;small&#8221; hide_on_mobile=&#8221;&#8221;][\/vc_column][vc_column width=&#8221;1\/2&#8243;][vc_empty_space height=&#8221;&#8221; alter_height=&#8221;small&#8221; hide_on_mobile=&#8221;&#8221;]<div id=\"sc_title_831456849\"\r\n\t\tclass=\"scheme_dark sc_title sc_title_default\"><h3 class=\"sc_item_title sc_title_title sc_align_default sc_item_title_style_default\">Pistaches<\/h3><div class=\"sc_item_descr sc_title_descr sc_align_default\">Les pistaches sont des fruits \u00e0 coque qui proviennent d'un arbre appel\u00e9 pistachier, originaire d'Asie centrale et du Moyen-Orient. Elles sont riches en prot\u00e9ines, en fibres alimentaires, en graisses monoinsatur\u00e9es, en vitamines et en min\u00e9raux, tels que le phosphore et le potassium. Les pistaches sont souvent consomm\u00e9es grill\u00e9es et sal\u00e9es, mais elles peuvent \u00e9galement \u00eatre utilis\u00e9es dans la pr\u00e9paration de desserts et de p\u00e2tisseries, ainsi que dans la production de p\u00e2tes et de sauces. Elles sont \u00e9galement utilis\u00e9es comme ingr\u00e9dient dans certains plats sal\u00e9s, tels que les salades et les plats \u00e0 base de riz.<\/div><\/div><!-- \/.sc_title -->[\/vc_column][\/vc_row][vc_row][vc_column css=&#8221;.vc_custom_1479889131039{margin-top: 1em !important;margin-bottom: -3.5em !important;}&#8221;]<div id=\"sc_title_779441016\"\r\n\t\tclass=\"sc_title sc_title_default\"><h6 class=\"sc_item_subtitle sc_title_subtitle sc_align_center sc_item_title_style_default\">Nos recettes<\/h6><h3 class=\"sc_item_title sc_title_title sc_align_center sc_item_title_style_default\">Une id\u00e9e de recette ?<\/h3><\/div><!-- \/.sc_title -->[vc_empty_space height=&#8221;2.6rem&#8221; alter_height=&#8221;none&#8221; hide_on_mobile=&#8221;&#8221;][\/vc_column][\/vc_row]<\/p>\n<\/section>","protected":false},"excerpt":{"rendered":"<p>D\u00e9couvrez notre large gamme de fruits secs.<\/p>\n","protected":false},"author":1,"featured_media":0,"template":"","class_list":["post-1557","cpt_services","type-cpt_services","status-publish","hentry","cpt_services_group-nos-fruits"],"yoast_head":"<!-- This site is optimized with the Yoast SEO plugin v21.7 - https:\/\/yoast.com\/wordpress\/plugins\/seo\/ -->\n<title>Fruits secs - Fruitier des Halles<\/title>\n<meta name=\"robots\" content=\"index, follow, max-snippet:-1, max-image-preview:large, max-video-preview:-1\" \/>\n<link rel=\"canonical\" href=\"http:\/\/www.lefruitierdeshalles.fr\/index.php\/services\/fruits-secs\/\" \/>\n<meta property=\"og:locale\" content=\"fr_FR\" \/>\n<meta property=\"og:type\" content=\"article\" \/>\n<meta property=\"og:title\" content=\"Fruits secs - Fruitier des Halles\" \/>\n<meta property=\"og:description\" content=\"D\u00e9couvrez notre large gamme de fruits secs.\" \/>\n<meta property=\"og:url\" content=\"http:\/\/www.lefruitierdeshalles.fr\/index.php\/services\/fruits-secs\/\" \/>\n<meta property=\"og:site_name\" content=\"Fruitier des Halles\" \/>\n<meta property=\"article:modified_time\" content=\"2023-04-27T14:44:19+00:00\" \/>\n<meta name=\"twitter:card\" content=\"summary_large_image\" \/>\n<meta name=\"twitter:label1\" content=\"Dur\u00e9e de lecture estim\u00e9e\" \/>\n\t<meta name=\"twitter:data1\" content=\"14 minutes\" \/>\n<script type=\"application\/ld+json\" class=\"yoast-schema-graph\">{\"@context\":\"https:\/\/schema.org\",\"@graph\":[{\"@type\":\"WebPage\",\"@id\":\"http:\/\/www.lefruitierdeshalles.fr\/index.php\/services\/fruits-secs\/\",\"url\":\"http:\/\/www.lefruitierdeshalles.fr\/index.php\/services\/fruits-secs\/\",\"name\":\"Fruits secs - Fruitier des Halles\",\"isPartOf\":{\"@id\":\"http:\/\/www.lefruitierdeshalles.fr\/#website\"},\"datePublished\":\"2023-04-19T14:45:30+00:00\",\"dateModified\":\"2023-04-27T14:44:19+00:00\",\"breadcrumb\":{\"@id\":\"http:\/\/www.lefruitierdeshalles.fr\/index.php\/services\/fruits-secs\/#breadcrumb\"},\"inLanguage\":\"fr-FR\",\"potentialAction\":[{\"@type\":\"ReadAction\",\"target\":[\"http:\/\/www.lefruitierdeshalles.fr\/index.php\/services\/fruits-secs\/\"]}]},{\"@type\":\"BreadcrumbList\",\"@id\":\"http:\/\/www.lefruitierdeshalles.fr\/index.php\/services\/fruits-secs\/#breadcrumb\",\"itemListElement\":[{\"@type\":\"ListItem\",\"position\":1,\"name\":\"Accueil\",\"item\":\"http:\/\/www.lefruitierdeshalles.fr\/\"},{\"@type\":\"ListItem\",\"position\":2,\"name\":\"Services\",\"item\":\"http:\/\/www.lefruitierdeshalles.fr\/index.php\/services\/\"},{\"@type\":\"ListItem\",\"position\":3,\"name\":\"Fruits secs\"}]},{\"@type\":\"WebSite\",\"@id\":\"http:\/\/www.lefruitierdeshalles.fr\/#website\",\"url\":\"http:\/\/www.lefruitierdeshalles.fr\/\",\"name\":\"Fruitier des Halles\",\"description\":\"Primeur \u00e0 Rouen\",\"publisher\":{\"@id\":\"http:\/\/www.lefruitierdeshalles.fr\/#organization\"},\"potentialAction\":[{\"@type\":\"SearchAction\",\"target\":{\"@type\":\"EntryPoint\",\"urlTemplate\":\"http:\/\/www.lefruitierdeshalles.fr\/?s={search_term_string}\"},\"query-input\":\"required name=search_term_string\"}],\"inLanguage\":\"fr-FR\"},{\"@type\":\"Organization\",\"@id\":\"http:\/\/www.lefruitierdeshalles.fr\/#organization\",\"name\":\"Fruitier des Halles\",\"url\":\"http:\/\/www.lefruitierdeshalles.fr\/\",\"logo\":{\"@type\":\"ImageObject\",\"inLanguage\":\"fr-FR\",\"@id\":\"http:\/\/www.lefruitierdeshalles.fr\/#\/schema\/logo\/image\/\",\"url\":\"http:\/\/www.lefruitierdeshalles.fr\/wp-content\/uploads\/2023\/04\/cropped-Logo-3_Plan-de-travail-1-03.png\",\"contentUrl\":\"http:\/\/www.lefruitierdeshalles.fr\/wp-content\/uploads\/2023\/04\/cropped-Logo-3_Plan-de-travail-1-03.png\",\"width\":512,\"height\":512,\"caption\":\"Fruitier des Halles\"},\"image\":{\"@id\":\"http:\/\/www.lefruitierdeshalles.fr\/#\/schema\/logo\/image\/\"},\"sameAs\":[\"https:\/\/www.instagram.com\/lefruitierdeshalles_rouen\/\"]}]}<\/script>\n<!-- \/ Yoast SEO plugin. -->","yoast_head_json":{"title":"Fruits secs - Fruitier des Halles","robots":{"index":"index","follow":"follow","max-snippet":"max-snippet:-1","max-image-preview":"max-image-preview:large","max-video-preview":"max-video-preview:-1"},"canonical":"http:\/\/www.lefruitierdeshalles.fr\/index.php\/services\/fruits-secs\/","og_locale":"fr_FR","og_type":"article","og_title":"Fruits secs - Fruitier des Halles","og_description":"D\u00e9couvrez notre large gamme de fruits secs.","og_url":"http:\/\/www.lefruitierdeshalles.fr\/index.php\/services\/fruits-secs\/","og_site_name":"Fruitier des Halles","article_modified_time":"2023-04-27T14:44:19+00:00","twitter_card":"summary_large_image","twitter_misc":{"Dur\u00e9e de lecture estim\u00e9e":"14 minutes"},"schema":{"@context":"https:\/\/schema.org","@graph":[{"@type":"WebPage","@id":"http:\/\/www.lefruitierdeshalles.fr\/index.php\/services\/fruits-secs\/","url":"http:\/\/www.lefruitierdeshalles.fr\/index.php\/services\/fruits-secs\/","name":"Fruits secs - Fruitier des Halles","isPartOf":{"@id":"http:\/\/www.lefruitierdeshalles.fr\/#website"},"datePublished":"2023-04-19T14:45:30+00:00","dateModified":"2023-04-27T14:44:19+00:00","breadcrumb":{"@id":"http:\/\/www.lefruitierdeshalles.fr\/index.php\/services\/fruits-secs\/#breadcrumb"},"inLanguage":"fr-FR","potentialAction":[{"@type":"ReadAction","target":["http:\/\/www.lefruitierdeshalles.fr\/index.php\/services\/fruits-secs\/"]}]},{"@type":"BreadcrumbList","@id":"http:\/\/www.lefruitierdeshalles.fr\/index.php\/services\/fruits-secs\/#breadcrumb","itemListElement":[{"@type":"ListItem","position":1,"name":"Accueil","item":"http:\/\/www.lefruitierdeshalles.fr\/"},{"@type":"ListItem","position":2,"name":"Services","item":"http:\/\/www.lefruitierdeshalles.fr\/index.php\/services\/"},{"@type":"ListItem","position":3,"name":"Fruits secs"}]},{"@type":"WebSite","@id":"http:\/\/www.lefruitierdeshalles.fr\/#website","url":"http:\/\/www.lefruitierdeshalles.fr\/","name":"Fruitier des Halles","description":"Primeur \u00e0 Rouen","publisher":{"@id":"http:\/\/www.lefruitierdeshalles.fr\/#organization"},"potentialAction":[{"@type":"SearchAction","target":{"@type":"EntryPoint","urlTemplate":"http:\/\/www.lefruitierdeshalles.fr\/?s={search_term_string}"},"query-input":"required name=search_term_string"}],"inLanguage":"fr-FR"},{"@type":"Organization","@id":"http:\/\/www.lefruitierdeshalles.fr\/#organization","name":"Fruitier des Halles","url":"http:\/\/www.lefruitierdeshalles.fr\/","logo":{"@type":"ImageObject","inLanguage":"fr-FR","@id":"http:\/\/www.lefruitierdeshalles.fr\/#\/schema\/logo\/image\/","url":"http:\/\/www.lefruitierdeshalles.fr\/wp-content\/uploads\/2023\/04\/cropped-Logo-3_Plan-de-travail-1-03.png","contentUrl":"http:\/\/www.lefruitierdeshalles.fr\/wp-content\/uploads\/2023\/04\/cropped-Logo-3_Plan-de-travail-1-03.png","width":512,"height":512,"caption":"Fruitier des Halles"},"image":{"@id":"http:\/\/www.lefruitierdeshalles.fr\/#\/schema\/logo\/image\/"},"sameAs":["https:\/\/www.instagram.com\/lefruitierdeshalles_rouen\/"]}]}},"_links":{"self":[{"href":"http:\/\/www.lefruitierdeshalles.fr\/index.php\/wp-json\/wp\/v2\/cpt_services\/1557","targetHints":{"allow":["GET"]}}],"collection":[{"href":"http:\/\/www.lefruitierdeshalles.fr\/index.php\/wp-json\/wp\/v2\/cpt_services"}],"about":[{"href":"http:\/\/www.lefruitierdeshalles.fr\/index.php\/wp-json\/wp\/v2\/types\/cpt_services"}],"author":[{"embeddable":true,"href":"http:\/\/www.lefruitierdeshalles.fr\/index.php\/wp-json\/wp\/v2\/users\/1"}],"wp:attachment":[{"href":"http:\/\/www.lefruitierdeshalles.fr\/index.php\/wp-json\/wp\/v2\/media?parent=1557"}],"curies":[{"name":"wp","href":"https:\/\/api.w.org\/{rel}","templated":true}]}}