{"id":1581,"date":"2023-04-19T17:33:17","date_gmt":"2023-04-19T15:33:17","guid":{"rendered":"https:\/\/www.lefruitierdeshalles.fr\/?post_type=cpt_services&#038;p=1581"},"modified":"2023-04-27T16:37:00","modified_gmt":"2023-04-27T14:37:00","slug":"ananas","status":"publish","type":"cpt_services","link":"http:\/\/www.lefruitierdeshalles.fr\/index.php\/services\/ananas\/","title":{"rendered":"Ananas"},"content":{"rendered":"<section class=\"wpb-content-wrapper\"><p>[vc_row][vc_column width=&#8221;1\/2&#8243; css=&#8221;.vc_custom_1479921547216{margin-top: -0.8em !important;margin-bottom: 1em !important;}&#8221;]<div id=\"sc_title_971420511\"\r\n\t\tclass=\"sc_title sc_title_default\"><h3 class=\"sc_item_title sc_title_title sc_align_default sc_item_title_style_default\">Ananas<\/h3><div class=\"sc_item_descr sc_title_descr sc_align_default\">D\u00e9couvrez notre gamme exotique d'ananas, cultiv\u00e9s avec soin dans les climats tropicaux pour offrir une saveur sucr\u00e9e et juteuse in\u00e9gal\u00e9e. Nous sommes fiers de proposer une s\u00e9lection de vari\u00e9t\u00e9s d'ananas de qualit\u00e9 sup\u00e9rieure. Que vous cherchiez un ananas entier pour une d\u00e9licieuse collation, ou des tranches d'ananas pour ajouter une touche de saveur \u00e0 vos recettes pr\u00e9f\u00e9r\u00e9es, notre gamme saura r\u00e9pondre \u00e0 vos attentes. Venez explorer notre s\u00e9lection d'ananas d\u00e8s maintenant et go\u00fbtez \u00e0 l'exotisme de ces fruits succulents.<\/div><\/div><!-- \/.sc_title -->[vc_empty_space height=&#8221;7.3rem&#8221; alter_height=&#8221;none&#8221; hide_on_mobile=&#8221;&#8221;][\/vc_column][vc_column width=&#8221;1\/2&#8243; css=&#8221;.vc_custom_1479883614224{margin-top: -3.6em !important;}&#8221;]<div class=\"sc_item_button sc_button_wrap sc_align_center\"><a href=\"https:\/\/www.ollca.com\/rouen\/boutiques\/fruitierdeshalles\"\r\n\t id=\"sc_button_572968879\" \r\n\tclass=\"sc_button sc_button_default sc_button_size_normal sc_button_icon_left\"\r\n\t\t><span class=\"sc_button_text\"><span class=\"sc_button_title\">Commander<\/span><\/span><!-- \/.sc_button_text --><\/a><!-- \/.sc_button --><\/div><!-- \/.sc_item_button -->[\/vc_column][\/vc_row][vc_row full_width=&#8221;stretch_row&#8221; css=&#8221;.vc_custom_1681907884770{background-color: #f28c02 !important;background-position: center !important;background-repeat: no-repeat !important;background-size: cover !important;}&#8221;][vc_column width=&#8221;1\/2&#8243;][vc_empty_space height=&#8221;&#8221; alter_height=&#8221;small&#8221; hide_on_mobile=&#8221;&#8221;][vc_single_image image=&#8221;1584&#8243; img_size=&#8221;full&#8221; alignment=&#8221;center&#8221; style=&#8221;vc_box_circle_2&#8243;][vc_empty_space height=&#8221;&#8221; alter_height=&#8221;small&#8221; hide_on_mobile=&#8221;&#8221;][\/vc_column][vc_column width=&#8221;1\/2&#8243;][vc_empty_space height=&#8221;&#8221; alter_height=&#8221;small&#8221; hide_on_mobile=&#8221;&#8221;]<div id=\"sc_title_732062364\"\r\n\t\tclass=\"scheme_dark sc_title sc_title_default\"><h3 class=\"sc_item_title sc_title_title sc_align_default sc_item_title_style_default\">Ananas Cayenne<\/h3><div class=\"sc_item_descr sc_title_descr sc_align_default\">L'ananas Cayenne est une vari\u00e9t\u00e9 d'ananas qui est originaire d'Am\u00e9rique du Sud, mais est maintenant cultiv\u00e9e dans de nombreuses r\u00e9gions tropicales du monde. Elle tire son nom de la ville de Cayenne en Guyane fran\u00e7aise. Cette vari\u00e9t\u00e9 d'ananas est connue pour sa saveur acidul\u00e9e et sucr\u00e9e, ainsi que pour sa chair juteuse et tendre. L'ananas Cayenne est souvent utilis\u00e9 pour faire du jus d'ananas frais, des cocktails et des desserts tropicaux, ainsi que pour ajouter une saveur sucr\u00e9e et acidul\u00e9e aux plats sal\u00e9s comme les plats de viande et de poisson. Il est \u00e9galement riche en vitamine C, en brom\u00e9la\u00efne et en antioxydants b\u00e9n\u00e9fiques pour la sant\u00e9.<\/div><\/div><!-- \/.sc_title -->[\/vc_column][\/vc_row][vc_row full_width=&#8221;stretch_row&#8221; css=&#8221;.vc_custom_1681907884770{background-color: #f28c02 !important;background-position: center !important;background-repeat: no-repeat !important;background-size: cover !important;}&#8221;][vc_column width=&#8221;1\/2&#8243;][vc_empty_space height=&#8221;&#8221; alter_height=&#8221;small&#8221; hide_on_mobile=&#8221;&#8221;][vc_single_image image=&#8221;1585&#8243; img_size=&#8221;full&#8221; alignment=&#8221;center&#8221; style=&#8221;vc_box_circle_2&#8243;][vc_empty_space height=&#8221;&#8221; alter_height=&#8221;small&#8221; hide_on_mobile=&#8221;&#8221;][\/vc_column][vc_column width=&#8221;1\/2&#8243;][vc_empty_space height=&#8221;&#8221; alter_height=&#8221;small&#8221; hide_on_mobile=&#8221;&#8221;]<div id=\"sc_title_859313061\"\r\n\t\tclass=\"scheme_dark sc_title sc_title_default\"><h3 class=\"sc_item_title sc_title_title sc_align_default sc_item_title_style_default\">Ananas Pain de sucre<\/h3><div class=\"sc_item_descr sc_title_descr sc_align_default\">L'ananas Pain de sucre est une vari\u00e9t\u00e9 d'ananas qui est originaire du Br\u00e9sil, mais qui est maintenant cultiv\u00e9e dans de nombreuses r\u00e9gions tropicales du monde. Elle doit son nom \u00e0 sa forme oblongue et \u00e0 sa couleur jaune dor\u00e9, qui rappellent celle d'un pain de sucre. Cette vari\u00e9t\u00e9 d'ananas est connue pour son go\u00fbt sucr\u00e9 et parfum\u00e9, ainsi que pour sa chair ferme et juteuse. L'ananas Pain de sucre est souvent utilis\u00e9 pour les desserts tropicaux, les salades de fruits, les smoothies, les jus de fruits frais et les plats sal\u00e9s comme les marinades pour les viandes et les fruits de mer. Il est \u00e9galement riche en vitamine C, en brom\u00e9la\u00efne et en antioxydants b\u00e9n\u00e9fiques pour la sant\u00e9.<\/div><\/div><!-- \/.sc_title -->[\/vc_column][\/vc_row][vc_row full_width=&#8221;stretch_row&#8221; css=&#8221;.vc_custom_1681907884770{background-color: #f28c02 !important;background-position: center !important;background-repeat: no-repeat !important;background-size: cover !important;}&#8221;][vc_column width=&#8221;1\/2&#8243;][vc_empty_space height=&#8221;&#8221; alter_height=&#8221;small&#8221; hide_on_mobile=&#8221;&#8221;][vc_single_image image=&#8221;1586&#8243; img_size=&#8221;full&#8221; alignment=&#8221;center&#8221; style=&#8221;vc_box_circle_2&#8243;][vc_empty_space height=&#8221;&#8221; alter_height=&#8221;small&#8221; hide_on_mobile=&#8221;&#8221;][\/vc_column][vc_column width=&#8221;1\/2&#8243;][vc_empty_space height=&#8221;&#8221; alter_height=&#8221;small&#8221; hide_on_mobile=&#8221;&#8221;]<div id=\"sc_title_1385504184\"\r\n\t\tclass=\"scheme_dark sc_title sc_title_default\"><h3 class=\"sc_item_title sc_title_title sc_align_default sc_item_title_style_default\">Ananas Sweet<\/h3><div class=\"sc_item_descr sc_title_descr sc_align_default\">L'ananas Sweet est une vari\u00e9t\u00e9 d'ananas hybride qui est connue pour son go\u00fbt sucr\u00e9 et son ar\u00f4me parfum\u00e9. Il est cultiv\u00e9 dans de nombreuses r\u00e9gions tropicales du monde, notamment en Asie et en Am\u00e9rique latine. L'ananas Sweet a une chair tendre et juteuse, qui est souvent utilis\u00e9e pour les desserts tropicaux tels que les salades de fruits, les smoothies, les jus de fruits frais, ainsi que pour ajouter une saveur sucr\u00e9e aux plats sal\u00e9s comme les plats de viande et de poisson. L'ananas Sweet est \u00e9galement riche en vitamine C, en brom\u00e9la\u00efne et en antioxydants b\u00e9n\u00e9fiques pour la sant\u00e9.<\/div><\/div><!-- \/.sc_title -->[\/vc_column][\/vc_row][vc_row][vc_column css=&#8221;.vc_custom_1479889131039{margin-top: 1em !important;margin-bottom: -3.5em !important;}&#8221;]<div id=\"sc_title_1113991691\"\r\n\t\tclass=\"sc_title sc_title_default\"><h6 class=\"sc_item_subtitle sc_title_subtitle sc_align_center sc_item_title_style_default\">Nos recettes<\/h6><h3 class=\"sc_item_title sc_title_title sc_align_center sc_item_title_style_default\">Une id\u00e9e de recette ?<\/h3><\/div><!-- \/.sc_title -->[vc_empty_space height=&#8221;2.6rem&#8221; alter_height=&#8221;none&#8221; hide_on_mobile=&#8221;&#8221;][\/vc_column][\/vc_row]<\/p>\n<\/section>","protected":false},"excerpt":{"rendered":"<p>D\u00e9couvrez notre gamme exotique d&#8217;ananas.<\/p>\n","protected":false},"author":1,"featured_media":0,"template":"","class_list":["post-1581","cpt_services","type-cpt_services","status-publish","hentry","cpt_services_group-nos-fruits"],"yoast_head":"<!-- This site is optimized with the Yoast SEO plugin v21.7 - https:\/\/yoast.com\/wordpress\/plugins\/seo\/ -->\n<title>Ananas - Fruitier des Halles<\/title>\n<meta name=\"robots\" content=\"index, follow, max-snippet:-1, max-image-preview:large, max-video-preview:-1\" \/>\n<link rel=\"canonical\" href=\"http:\/\/www.lefruitierdeshalles.fr\/index.php\/services\/ananas\/\" \/>\n<meta property=\"og:locale\" content=\"fr_FR\" \/>\n<meta property=\"og:type\" content=\"article\" \/>\n<meta property=\"og:title\" content=\"Ananas - Fruitier des Halles\" \/>\n<meta property=\"og:description\" content=\"D\u00e9couvrez notre gamme exotique d&#039;ananas.\" \/>\n<meta property=\"og:url\" content=\"http:\/\/www.lefruitierdeshalles.fr\/index.php\/services\/ananas\/\" \/>\n<meta property=\"og:site_name\" content=\"Fruitier des Halles\" \/>\n<meta property=\"article:modified_time\" content=\"2023-04-27T14:37:00+00:00\" \/>\n<meta name=\"twitter:card\" content=\"summary_large_image\" \/>\n<meta name=\"twitter:label1\" content=\"Dur\u00e9e de lecture estim\u00e9e\" \/>\n\t<meta name=\"twitter:data1\" content=\"5 minutes\" \/>\n<script type=\"application\/ld+json\" class=\"yoast-schema-graph\">{\"@context\":\"https:\/\/schema.org\",\"@graph\":[{\"@type\":\"WebPage\",\"@id\":\"http:\/\/www.lefruitierdeshalles.fr\/index.php\/services\/ananas\/\",\"url\":\"http:\/\/www.lefruitierdeshalles.fr\/index.php\/services\/ananas\/\",\"name\":\"Ananas - Fruitier des Halles\",\"isPartOf\":{\"@id\":\"http:\/\/www.lefruitierdeshalles.fr\/#website\"},\"datePublished\":\"2023-04-19T15:33:17+00:00\",\"dateModified\":\"2023-04-27T14:37:00+00:00\",\"breadcrumb\":{\"@id\":\"http:\/\/www.lefruitierdeshalles.fr\/index.php\/services\/ananas\/#breadcrumb\"},\"inLanguage\":\"fr-FR\",\"potentialAction\":[{\"@type\":\"ReadAction\",\"target\":[\"http:\/\/www.lefruitierdeshalles.fr\/index.php\/services\/ananas\/\"]}]},{\"@type\":\"BreadcrumbList\",\"@id\":\"http:\/\/www.lefruitierdeshalles.fr\/index.php\/services\/ananas\/#breadcrumb\",\"itemListElement\":[{\"@type\":\"ListItem\",\"position\":1,\"name\":\"Accueil\",\"item\":\"http:\/\/www.lefruitierdeshalles.fr\/\"},{\"@type\":\"ListItem\",\"position\":2,\"name\":\"Services\",\"item\":\"http:\/\/www.lefruitierdeshalles.fr\/index.php\/services\/\"},{\"@type\":\"ListItem\",\"position\":3,\"name\":\"Ananas\"}]},{\"@type\":\"WebSite\",\"@id\":\"http:\/\/www.lefruitierdeshalles.fr\/#website\",\"url\":\"http:\/\/www.lefruitierdeshalles.fr\/\",\"name\":\"Fruitier des Halles\",\"description\":\"Primeur \u00e0 Rouen\",\"publisher\":{\"@id\":\"http:\/\/www.lefruitierdeshalles.fr\/#organization\"},\"potentialAction\":[{\"@type\":\"SearchAction\",\"target\":{\"@type\":\"EntryPoint\",\"urlTemplate\":\"http:\/\/www.lefruitierdeshalles.fr\/?s={search_term_string}\"},\"query-input\":\"required name=search_term_string\"}],\"inLanguage\":\"fr-FR\"},{\"@type\":\"Organization\",\"@id\":\"http:\/\/www.lefruitierdeshalles.fr\/#organization\",\"name\":\"Fruitier des Halles\",\"url\":\"http:\/\/www.lefruitierdeshalles.fr\/\",\"logo\":{\"@type\":\"ImageObject\",\"inLanguage\":\"fr-FR\",\"@id\":\"http:\/\/www.lefruitierdeshalles.fr\/#\/schema\/logo\/image\/\",\"url\":\"http:\/\/www.lefruitierdeshalles.fr\/wp-content\/uploads\/2023\/04\/cropped-Logo-3_Plan-de-travail-1-03.png\",\"contentUrl\":\"http:\/\/www.lefruitierdeshalles.fr\/wp-content\/uploads\/2023\/04\/cropped-Logo-3_Plan-de-travail-1-03.png\",\"width\":512,\"height\":512,\"caption\":\"Fruitier des Halles\"},\"image\":{\"@id\":\"http:\/\/www.lefruitierdeshalles.fr\/#\/schema\/logo\/image\/\"},\"sameAs\":[\"https:\/\/www.instagram.com\/lefruitierdeshalles_rouen\/\"]}]}<\/script>\n<!-- \/ Yoast SEO plugin. -->","yoast_head_json":{"title":"Ananas - Fruitier des Halles","robots":{"index":"index","follow":"follow","max-snippet":"max-snippet:-1","max-image-preview":"max-image-preview:large","max-video-preview":"max-video-preview:-1"},"canonical":"http:\/\/www.lefruitierdeshalles.fr\/index.php\/services\/ananas\/","og_locale":"fr_FR","og_type":"article","og_title":"Ananas - Fruitier des Halles","og_description":"D\u00e9couvrez notre gamme exotique d'ananas.","og_url":"http:\/\/www.lefruitierdeshalles.fr\/index.php\/services\/ananas\/","og_site_name":"Fruitier des Halles","article_modified_time":"2023-04-27T14:37:00+00:00","twitter_card":"summary_large_image","twitter_misc":{"Dur\u00e9e de lecture estim\u00e9e":"5 minutes"},"schema":{"@context":"https:\/\/schema.org","@graph":[{"@type":"WebPage","@id":"http:\/\/www.lefruitierdeshalles.fr\/index.php\/services\/ananas\/","url":"http:\/\/www.lefruitierdeshalles.fr\/index.php\/services\/ananas\/","name":"Ananas - Fruitier des Halles","isPartOf":{"@id":"http:\/\/www.lefruitierdeshalles.fr\/#website"},"datePublished":"2023-04-19T15:33:17+00:00","dateModified":"2023-04-27T14:37:00+00:00","breadcrumb":{"@id":"http:\/\/www.lefruitierdeshalles.fr\/index.php\/services\/ananas\/#breadcrumb"},"inLanguage":"fr-FR","potentialAction":[{"@type":"ReadAction","target":["http:\/\/www.lefruitierdeshalles.fr\/index.php\/services\/ananas\/"]}]},{"@type":"BreadcrumbList","@id":"http:\/\/www.lefruitierdeshalles.fr\/index.php\/services\/ananas\/#breadcrumb","itemListElement":[{"@type":"ListItem","position":1,"name":"Accueil","item":"http:\/\/www.lefruitierdeshalles.fr\/"},{"@type":"ListItem","position":2,"name":"Services","item":"http:\/\/www.lefruitierdeshalles.fr\/index.php\/services\/"},{"@type":"ListItem","position":3,"name":"Ananas"}]},{"@type":"WebSite","@id":"http:\/\/www.lefruitierdeshalles.fr\/#website","url":"http:\/\/www.lefruitierdeshalles.fr\/","name":"Fruitier des Halles","description":"Primeur \u00e0 Rouen","publisher":{"@id":"http:\/\/www.lefruitierdeshalles.fr\/#organization"},"potentialAction":[{"@type":"SearchAction","target":{"@type":"EntryPoint","urlTemplate":"http:\/\/www.lefruitierdeshalles.fr\/?s={search_term_string}"},"query-input":"required name=search_term_string"}],"inLanguage":"fr-FR"},{"@type":"Organization","@id":"http:\/\/www.lefruitierdeshalles.fr\/#organization","name":"Fruitier des Halles","url":"http:\/\/www.lefruitierdeshalles.fr\/","logo":{"@type":"ImageObject","inLanguage":"fr-FR","@id":"http:\/\/www.lefruitierdeshalles.fr\/#\/schema\/logo\/image\/","url":"http:\/\/www.lefruitierdeshalles.fr\/wp-content\/uploads\/2023\/04\/cropped-Logo-3_Plan-de-travail-1-03.png","contentUrl":"http:\/\/www.lefruitierdeshalles.fr\/wp-content\/uploads\/2023\/04\/cropped-Logo-3_Plan-de-travail-1-03.png","width":512,"height":512,"caption":"Fruitier des Halles"},"image":{"@id":"http:\/\/www.lefruitierdeshalles.fr\/#\/schema\/logo\/image\/"},"sameAs":["https:\/\/www.instagram.com\/lefruitierdeshalles_rouen\/"]}]}},"_links":{"self":[{"href":"http:\/\/www.lefruitierdeshalles.fr\/index.php\/wp-json\/wp\/v2\/cpt_services\/1581","targetHints":{"allow":["GET"]}}],"collection":[{"href":"http:\/\/www.lefruitierdeshalles.fr\/index.php\/wp-json\/wp\/v2\/cpt_services"}],"about":[{"href":"http:\/\/www.lefruitierdeshalles.fr\/index.php\/wp-json\/wp\/v2\/types\/cpt_services"}],"author":[{"embeddable":true,"href":"http:\/\/www.lefruitierdeshalles.fr\/index.php\/wp-json\/wp\/v2\/users\/1"}],"wp:attachment":[{"href":"http:\/\/www.lefruitierdeshalles.fr\/index.php\/wp-json\/wp\/v2\/media?parent=1581"}],"curies":[{"name":"wp","href":"https:\/\/api.w.org\/{rel}","templated":true}]}}