{"id":1690,"date":"2023-04-20T13:50:24","date_gmt":"2023-04-20T11:50:24","guid":{"rendered":"https:\/\/www.lefruitierdeshalles.fr\/?post_type=cpt_services&#038;p=1690"},"modified":"2023-04-27T16:57:07","modified_gmt":"2023-04-27T14:57:07","slug":"carottes","status":"publish","type":"cpt_services","link":"http:\/\/www.lefruitierdeshalles.fr\/index.php\/services\/carottes\/","title":{"rendered":"Carottes"},"content":{"rendered":"<section class=\"wpb-content-wrapper\"><p>[vc_row][vc_column width=&#8221;1\/2&#8243; css=&#8221;.vc_custom_1479921547216{margin-top: -0.8em !important;margin-bottom: 1em !important;}&#8221;]<div id=\"sc_title_1129129002\"\r\n\t\tclass=\"sc_title sc_title_default\"><h3 class=\"sc_item_title sc_title_title sc_align_default sc_item_title_style_default\">Carottes<\/h3><div class=\"sc_item_descr sc_title_descr sc_align_default\">Bienvenue dans notre s\u00e9lection de carottes, un incontournable des l\u00e9gumes racines qui offre une multitude de bienfaits pour la sant\u00e9 et une vari\u00e9t\u00e9 de saveurs et de textures. Nous sommes fiers de vous proposer une gamme de carottes fra\u00eeches, juteuses et color\u00e9es, soigneusement cultiv\u00e9es pour garantir leur qualit\u00e9 et leur go\u00fbt. Que vous soyez \u00e0 la recherche de carottes pour vos salades, vos jus, vos soupes ou vos plats mijot\u00e9s, nous avons tout ce dont vous avez besoin. Notre gamme comprend une vari\u00e9t\u00e9 de carottes, y compris les classiques comme les carottes oranges et les carottes violettes, ainsi que des vari\u00e9t\u00e9s moins courantes comme les carottes blanches et les carottes jaunes. D\u00e9couvrez d\u00e8s maintenant notre s\u00e9lection de carottes riches en vitamines, en fibres et en antioxydants, et laissez-vous inspirer pour cr\u00e9er des plats d\u00e9licieux et sains \u00e0 tout moment de l'ann\u00e9e.<\/div><\/div><!-- \/.sc_title -->[vc_empty_space height=&#8221;7.3rem&#8221; alter_height=&#8221;none&#8221; hide_on_mobile=&#8221;&#8221;][\/vc_column][vc_column width=&#8221;1\/2&#8243; css=&#8221;.vc_custom_1479883614224{margin-top: -3.6em !important;}&#8221;]<div class=\"sc_item_button sc_button_wrap sc_align_center\"><a href=\"https:\/\/www.ollca.com\/rouen\/boutiques\/fruitierdeshalles\"\r\n\t id=\"sc_button_155699788\" \r\n\tclass=\"sc_button sc_button_default sc_button_size_normal sc_button_icon_left\"\r\n\t\t><span class=\"sc_button_text\"><span class=\"sc_button_title\">Commander<\/span><\/span><!-- \/.sc_button_text --><\/a><!-- \/.sc_button --><\/div><!-- \/.sc_item_button -->[\/vc_column][\/vc_row][vc_row full_width=&#8221;stretch_row&#8221; css=&#8221;.vc_custom_1681907884770{background-color: #f28c02 !important;background-position: center !important;background-repeat: no-repeat !important;background-size: cover !important;}&#8221;][vc_column width=&#8221;1\/2&#8243;][vc_empty_space height=&#8221;&#8221; alter_height=&#8221;small&#8221; hide_on_mobile=&#8221;&#8221;][vc_single_image image=&#8221;1691&#8243; img_size=&#8221;full&#8221; alignment=&#8221;center&#8221; style=&#8221;vc_box_circle_2&#8243;][vc_empty_space height=&#8221;&#8221; alter_height=&#8221;small&#8221; hide_on_mobile=&#8221;&#8221;][\/vc_column][vc_column width=&#8221;1\/2&#8243;][vc_empty_space height=&#8221;&#8221; alter_height=&#8221;small&#8221; hide_on_mobile=&#8221;&#8221;]<div id=\"sc_title_73354708\"\r\n\t\tclass=\"scheme_dark sc_title sc_title_default\"><h3 class=\"sc_item_title sc_title_title sc_align_default sc_item_title_style_default\">Carottes botte<\/h3><div class=\"sc_item_descr sc_title_descr sc_align_default\">Les carottes botte sont des carottes qui sont vendues en bottes, c'est-\u00e0-dire que leurs fanes sont attach\u00e9es ensemble. Elles sont souvent plus petites que les carottes vendues en vrac, mais sont plus tendres et plus savoureuses. Les carottes botte sont souvent utilis\u00e9es en cuisine pour faire des soupes, des rago\u00fbts, des salades et des plats d'accompagnement. Elles sont \u00e9galement riches en vitamines et min\u00e9raux, et constituent une excellente source de fibres alimentaires.<\/div><\/div><!-- \/.sc_title -->[\/vc_column][\/vc_row][vc_row full_width=&#8221;stretch_row&#8221; css=&#8221;.vc_custom_1681907884770{background-color: #f28c02 !important;background-position: center !important;background-repeat: no-repeat !important;background-size: cover !important;}&#8221;][vc_column width=&#8221;1\/2&#8243;][vc_empty_space height=&#8221;&#8221; alter_height=&#8221;small&#8221; hide_on_mobile=&#8221;&#8221;][vc_single_image image=&#8221;1692&#8243; img_size=&#8221;full&#8221; alignment=&#8221;center&#8221; style=&#8221;vc_box_circle_2&#8243;][vc_empty_space height=&#8221;&#8221; alter_height=&#8221;small&#8221; hide_on_mobile=&#8221;&#8221;][\/vc_column][vc_column width=&#8221;1\/2&#8243;][vc_empty_space height=&#8221;&#8221; alter_height=&#8221;small&#8221; hide_on_mobile=&#8221;&#8221;]<div id=\"sc_title_1517276221\"\r\n\t\tclass=\"scheme_dark sc_title sc_title_default\"><h3 class=\"sc_item_title sc_title_title sc_align_default sc_item_title_style_default\">Carottes de couleur<\/h3><div class=\"sc_item_descr sc_title_descr sc_align_default\">Les carottes de couleur sont des vari\u00e9t\u00e9s de carottes qui se distinguent par leur couleur diff\u00e9rente de la carotte classique orange. Parmi les carottes de couleur, on peut citer la carotte blanche, la carotte jaune, la carotte rouge et la carotte violette. Ces vari\u00e9t\u00e9s de carottes peuvent \u00eatre cultiv\u00e9es s\u00e9par\u00e9ment ou combin\u00e9es pour cr\u00e9er des m\u00e9langes de carottes multicolores. Outre leur aspect visuel int\u00e9ressant, ces carottes pr\u00e9sentent \u00e9galement des bienfaits nutritionnels sp\u00e9cifiques li\u00e9s aux pigments responsables de leur couleur.<\/div><\/div><!-- \/.sc_title -->[\/vc_column][\/vc_row][vc_row full_width=&#8221;stretch_row&#8221; css=&#8221;.vc_custom_1681907884770{background-color: #f28c02 !important;background-position: center !important;background-repeat: no-repeat !important;background-size: cover !important;}&#8221;][vc_column width=&#8221;1\/2&#8243;][vc_empty_space height=&#8221;&#8221; alter_height=&#8221;small&#8221; hide_on_mobile=&#8221;&#8221;][vc_single_image image=&#8221;1693&#8243; img_size=&#8221;full&#8221; alignment=&#8221;center&#8221; style=&#8221;vc_box_circle_2&#8243;][vc_empty_space height=&#8221;&#8221; alter_height=&#8221;small&#8221; hide_on_mobile=&#8221;&#8221;][\/vc_column][vc_column width=&#8221;1\/2&#8243;][vc_empty_space height=&#8221;&#8221; alter_height=&#8221;small&#8221; hide_on_mobile=&#8221;&#8221;]<div id=\"sc_title_1868793520\"\r\n\t\tclass=\"scheme_dark sc_title sc_title_default\"><h3 class=\"sc_item_title sc_title_title sc_align_default sc_item_title_style_default\">Carottes des sables<\/h3><div class=\"sc_item_descr sc_title_descr sc_align_default\">Les carottes des sables sont des carottes qui poussent dans des sols sableux et pauvres en \u00e9l\u00e9ments nutritifs. Elles ont une chair plus croquante et plus sucr\u00e9e que les carottes classiques, ainsi qu'une saveur l\u00e9g\u00e8rement plus douce. Elles sont souvent vendues avec leurs fanes et peuvent \u00eatre consomm\u00e9es crues ou cuites. Les carottes des sables sont \u00e9galement r\u00e9put\u00e9es pour leur haute teneur en b\u00eata-carot\u00e8ne et en antioxydants.<\/div><\/div><!-- \/.sc_title -->[\/vc_column][\/vc_row][vc_row full_width=&#8221;stretch_row&#8221; css=&#8221;.vc_custom_1681907884770{background-color: #f28c02 !important;background-position: center !important;background-repeat: no-repeat !important;background-size: cover !important;}&#8221;][vc_column width=&#8221;1\/2&#8243;][vc_empty_space height=&#8221;&#8221; alter_height=&#8221;small&#8221; hide_on_mobile=&#8221;&#8221;][vc_single_image image=&#8221;1695&#8243; img_size=&#8221;full&#8221; alignment=&#8221;center&#8221; style=&#8221;vc_box_circle_2&#8243;][vc_empty_space height=&#8221;&#8221; alter_height=&#8221;small&#8221; hide_on_mobile=&#8221;&#8221;][\/vc_column][vc_column width=&#8221;1\/2&#8243;][vc_empty_space height=&#8221;&#8221; alter_height=&#8221;small&#8221; hide_on_mobile=&#8221;&#8221;]<div id=\"sc_title_1534814449\"\r\n\t\tclass=\"scheme_dark sc_title sc_title_default\"><h3 class=\"sc_item_title sc_title_title sc_align_default sc_item_title_style_default\">Carottes lav\u00e9es<\/h3><div class=\"sc_item_descr sc_title_descr sc_align_default\">Les carottes lav\u00e9es sont des carottes qui ont \u00e9t\u00e9 nettoy\u00e9es et bross\u00e9es pour retirer la terre et les impuret\u00e9s qui peuvent s'y trouver. Elles sont souvent vendues en sachets pr\u00eats \u00e0 l'emploi et sont plus pratiques pour une utilisation rapide en cuisine. Cependant, elles peuvent avoir perdu une partie de leurs nutriments en raison de leur traitement industriel. Il est donc recommand\u00e9 de privil\u00e9gier les carottes fra\u00eeches non lav\u00e9es lorsque cela est possible.<\/div><\/div><!-- \/.sc_title -->[\/vc_column][\/vc_row][vc_row][vc_column css=&#8221;.vc_custom_1479889131039{margin-top: 1em !important;margin-bottom: -3.5em !important;}&#8221;]<div id=\"sc_title_1986737173\"\r\n\t\tclass=\"sc_title sc_title_default\"><h6 class=\"sc_item_subtitle sc_title_subtitle sc_align_center sc_item_title_style_default\">Nos recettes<\/h6><h3 class=\"sc_item_title sc_title_title sc_align_center sc_item_title_style_default\">Une id\u00e9e de recette ?<\/h3><\/div><!-- \/.sc_title -->[vc_empty_space height=&#8221;2.6rem&#8221; alter_height=&#8221;none&#8221; hide_on_mobile=&#8221;&#8221;][\/vc_column][\/vc_row]<\/p>\n<\/section>","protected":false},"excerpt":{"rendered":"<p>Bienvenue dans notre s\u00e9lection de carottes.<\/p>\n","protected":false},"author":1,"featured_media":0,"template":"","class_list":["post-1690","cpt_services","type-cpt_services","status-publish","hentry","cpt_services_group-nos-legumes"],"yoast_head":"<!-- This site is optimized with the Yoast SEO plugin v21.7 - https:\/\/yoast.com\/wordpress\/plugins\/seo\/ -->\n<title>Carottes - Fruitier des Halles<\/title>\n<meta name=\"robots\" content=\"index, follow, max-snippet:-1, max-image-preview:large, max-video-preview:-1\" \/>\n<link rel=\"canonical\" href=\"http:\/\/www.lefruitierdeshalles.fr\/index.php\/services\/carottes\/\" \/>\n<meta property=\"og:locale\" content=\"fr_FR\" \/>\n<meta property=\"og:type\" content=\"article\" \/>\n<meta property=\"og:title\" content=\"Carottes - Fruitier des Halles\" \/>\n<meta property=\"og:description\" content=\"Bienvenue dans notre s\u00e9lection de carottes.\" \/>\n<meta property=\"og:url\" content=\"http:\/\/www.lefruitierdeshalles.fr\/index.php\/services\/carottes\/\" \/>\n<meta property=\"og:site_name\" content=\"Fruitier des Halles\" \/>\n<meta property=\"article:modified_time\" content=\"2023-04-27T14:57:07+00:00\" \/>\n<meta name=\"twitter:card\" content=\"summary_large_image\" \/>\n<meta name=\"twitter:label1\" content=\"Dur\u00e9e de lecture estim\u00e9e\" \/>\n\t<meta name=\"twitter:data1\" content=\"5 minutes\" \/>\n<script type=\"application\/ld+json\" class=\"yoast-schema-graph\">{\"@context\":\"https:\/\/schema.org\",\"@graph\":[{\"@type\":\"WebPage\",\"@id\":\"http:\/\/www.lefruitierdeshalles.fr\/index.php\/services\/carottes\/\",\"url\":\"http:\/\/www.lefruitierdeshalles.fr\/index.php\/services\/carottes\/\",\"name\":\"Carottes - Fruitier des Halles\",\"isPartOf\":{\"@id\":\"http:\/\/www.lefruitierdeshalles.fr\/#website\"},\"datePublished\":\"2023-04-20T11:50:24+00:00\",\"dateModified\":\"2023-04-27T14:57:07+00:00\",\"breadcrumb\":{\"@id\":\"http:\/\/www.lefruitierdeshalles.fr\/index.php\/services\/carottes\/#breadcrumb\"},\"inLanguage\":\"fr-FR\",\"potentialAction\":[{\"@type\":\"ReadAction\",\"target\":[\"http:\/\/www.lefruitierdeshalles.fr\/index.php\/services\/carottes\/\"]}]},{\"@type\":\"BreadcrumbList\",\"@id\":\"http:\/\/www.lefruitierdeshalles.fr\/index.php\/services\/carottes\/#breadcrumb\",\"itemListElement\":[{\"@type\":\"ListItem\",\"position\":1,\"name\":\"Accueil\",\"item\":\"http:\/\/www.lefruitierdeshalles.fr\/\"},{\"@type\":\"ListItem\",\"position\":2,\"name\":\"Services\",\"item\":\"http:\/\/www.lefruitierdeshalles.fr\/index.php\/services\/\"},{\"@type\":\"ListItem\",\"position\":3,\"name\":\"Carottes\"}]},{\"@type\":\"WebSite\",\"@id\":\"http:\/\/www.lefruitierdeshalles.fr\/#website\",\"url\":\"http:\/\/www.lefruitierdeshalles.fr\/\",\"name\":\"Fruitier des Halles\",\"description\":\"Primeur \u00e0 Rouen\",\"publisher\":{\"@id\":\"http:\/\/www.lefruitierdeshalles.fr\/#organization\"},\"potentialAction\":[{\"@type\":\"SearchAction\",\"target\":{\"@type\":\"EntryPoint\",\"urlTemplate\":\"http:\/\/www.lefruitierdeshalles.fr\/?s={search_term_string}\"},\"query-input\":\"required name=search_term_string\"}],\"inLanguage\":\"fr-FR\"},{\"@type\":\"Organization\",\"@id\":\"http:\/\/www.lefruitierdeshalles.fr\/#organization\",\"name\":\"Fruitier des Halles\",\"url\":\"http:\/\/www.lefruitierdeshalles.fr\/\",\"logo\":{\"@type\":\"ImageObject\",\"inLanguage\":\"fr-FR\",\"@id\":\"http:\/\/www.lefruitierdeshalles.fr\/#\/schema\/logo\/image\/\",\"url\":\"http:\/\/www.lefruitierdeshalles.fr\/wp-content\/uploads\/2023\/04\/cropped-Logo-3_Plan-de-travail-1-03.png\",\"contentUrl\":\"http:\/\/www.lefruitierdeshalles.fr\/wp-content\/uploads\/2023\/04\/cropped-Logo-3_Plan-de-travail-1-03.png\",\"width\":512,\"height\":512,\"caption\":\"Fruitier des Halles\"},\"image\":{\"@id\":\"http:\/\/www.lefruitierdeshalles.fr\/#\/schema\/logo\/image\/\"},\"sameAs\":[\"https:\/\/www.instagram.com\/lefruitierdeshalles_rouen\/\"]}]}<\/script>\n<!-- \/ Yoast SEO plugin. -->","yoast_head_json":{"title":"Carottes - Fruitier des Halles","robots":{"index":"index","follow":"follow","max-snippet":"max-snippet:-1","max-image-preview":"max-image-preview:large","max-video-preview":"max-video-preview:-1"},"canonical":"http:\/\/www.lefruitierdeshalles.fr\/index.php\/services\/carottes\/","og_locale":"fr_FR","og_type":"article","og_title":"Carottes - Fruitier des Halles","og_description":"Bienvenue dans notre s\u00e9lection de carottes.","og_url":"http:\/\/www.lefruitierdeshalles.fr\/index.php\/services\/carottes\/","og_site_name":"Fruitier des Halles","article_modified_time":"2023-04-27T14:57:07+00:00","twitter_card":"summary_large_image","twitter_misc":{"Dur\u00e9e de lecture estim\u00e9e":"5 minutes"},"schema":{"@context":"https:\/\/schema.org","@graph":[{"@type":"WebPage","@id":"http:\/\/www.lefruitierdeshalles.fr\/index.php\/services\/carottes\/","url":"http:\/\/www.lefruitierdeshalles.fr\/index.php\/services\/carottes\/","name":"Carottes - Fruitier des Halles","isPartOf":{"@id":"http:\/\/www.lefruitierdeshalles.fr\/#website"},"datePublished":"2023-04-20T11:50:24+00:00","dateModified":"2023-04-27T14:57:07+00:00","breadcrumb":{"@id":"http:\/\/www.lefruitierdeshalles.fr\/index.php\/services\/carottes\/#breadcrumb"},"inLanguage":"fr-FR","potentialAction":[{"@type":"ReadAction","target":["http:\/\/www.lefruitierdeshalles.fr\/index.php\/services\/carottes\/"]}]},{"@type":"BreadcrumbList","@id":"http:\/\/www.lefruitierdeshalles.fr\/index.php\/services\/carottes\/#breadcrumb","itemListElement":[{"@type":"ListItem","position":1,"name":"Accueil","item":"http:\/\/www.lefruitierdeshalles.fr\/"},{"@type":"ListItem","position":2,"name":"Services","item":"http:\/\/www.lefruitierdeshalles.fr\/index.php\/services\/"},{"@type":"ListItem","position":3,"name":"Carottes"}]},{"@type":"WebSite","@id":"http:\/\/www.lefruitierdeshalles.fr\/#website","url":"http:\/\/www.lefruitierdeshalles.fr\/","name":"Fruitier des Halles","description":"Primeur \u00e0 Rouen","publisher":{"@id":"http:\/\/www.lefruitierdeshalles.fr\/#organization"},"potentialAction":[{"@type":"SearchAction","target":{"@type":"EntryPoint","urlTemplate":"http:\/\/www.lefruitierdeshalles.fr\/?s={search_term_string}"},"query-input":"required name=search_term_string"}],"inLanguage":"fr-FR"},{"@type":"Organization","@id":"http:\/\/www.lefruitierdeshalles.fr\/#organization","name":"Fruitier des Halles","url":"http:\/\/www.lefruitierdeshalles.fr\/","logo":{"@type":"ImageObject","inLanguage":"fr-FR","@id":"http:\/\/www.lefruitierdeshalles.fr\/#\/schema\/logo\/image\/","url":"http:\/\/www.lefruitierdeshalles.fr\/wp-content\/uploads\/2023\/04\/cropped-Logo-3_Plan-de-travail-1-03.png","contentUrl":"http:\/\/www.lefruitierdeshalles.fr\/wp-content\/uploads\/2023\/04\/cropped-Logo-3_Plan-de-travail-1-03.png","width":512,"height":512,"caption":"Fruitier des Halles"},"image":{"@id":"http:\/\/www.lefruitierdeshalles.fr\/#\/schema\/logo\/image\/"},"sameAs":["https:\/\/www.instagram.com\/lefruitierdeshalles_rouen\/"]}]}},"_links":{"self":[{"href":"http:\/\/www.lefruitierdeshalles.fr\/index.php\/wp-json\/wp\/v2\/cpt_services\/1690","targetHints":{"allow":["GET"]}}],"collection":[{"href":"http:\/\/www.lefruitierdeshalles.fr\/index.php\/wp-json\/wp\/v2\/cpt_services"}],"about":[{"href":"http:\/\/www.lefruitierdeshalles.fr\/index.php\/wp-json\/wp\/v2\/types\/cpt_services"}],"author":[{"embeddable":true,"href":"http:\/\/www.lefruitierdeshalles.fr\/index.php\/wp-json\/wp\/v2\/users\/1"}],"wp:attachment":[{"href":"http:\/\/www.lefruitierdeshalles.fr\/index.php\/wp-json\/wp\/v2\/media?parent=1690"}],"curies":[{"name":"wp","href":"https:\/\/api.w.org\/{rel}","templated":true}]}}