{"id":1819,"date":"2023-04-21T14:35:29","date_gmt":"2023-04-21T12:35:29","guid":{"rendered":"https:\/\/www.lefruitierdeshalles.fr\/?post_type=cpt_services&#038;p=1819"},"modified":"2023-04-27T16:49:15","modified_gmt":"2023-04-27T14:49:15","slug":"peches","status":"publish","type":"cpt_services","link":"http:\/\/www.lefruitierdeshalles.fr\/index.php\/services\/peches\/","title":{"rendered":"P\u00eaches"},"content":{"rendered":"<section class=\"wpb-content-wrapper\"><p>[vc_row][vc_column width=&#8221;1\/2&#8243; css=&#8221;.vc_custom_1479921547216{margin-top: -0.8em !important;margin-bottom: 1em !important;}&#8221;]<div id=\"sc_title_577079086\"\r\n\t\tclass=\"sc_title sc_title_default\"><h3 class=\"sc_item_title sc_title_title sc_align_default sc_item_title_style_default\">P\u00eaches<\/h3><div class=\"sc_item_descr sc_title_descr sc_align_default\">Bienvenue dans notre s\u00e9lection de p\u00eaches ! Nous sommes fiers de vous pr\u00e9senter notre gamme de fruits frais et savoureux, directement issus de nos producteurs locaux. Nos p\u00eaches sont cueillies \u00e0 maturit\u00e9 pour vous garantir une saveur sucr\u00e9e et une texture juteuse. Que ce soit pour une collation rapide ou pour une recette de dessert, nos p\u00eaches sont parfaites pour tous vos besoins. D\u00e9couvrez notre s\u00e9lection de p\u00eaches d\u00e8s maintenant !<\/div><\/div><!-- \/.sc_title -->[vc_empty_space height=&#8221;7.3rem&#8221; alter_height=&#8221;none&#8221; hide_on_mobile=&#8221;&#8221;][\/vc_column][vc_column width=&#8221;1\/2&#8243; css=&#8221;.vc_custom_1479883614224{margin-top: -3.6em !important;}&#8221;]<div class=\"sc_item_button sc_button_wrap sc_align_center\"><a href=\"https:\/\/www.ollca.com\/rouen\/boutiques\/fruitierdeshalles\"\r\n\t id=\"sc_button_1685143547\" \r\n\tclass=\"sc_button sc_button_default sc_button_size_normal sc_button_icon_left\"\r\n\t\t><span class=\"sc_button_text\"><span class=\"sc_button_title\">Commander<\/span><\/span><!-- \/.sc_button_text --><\/a><!-- \/.sc_button --><\/div><!-- \/.sc_item_button -->[\/vc_column][\/vc_row][vc_row full_width=&#8221;stretch_row&#8221; css=&#8221;.vc_custom_1681907884770{background-color: #f28c02 !important;background-position: center !important;background-repeat: no-repeat !important;background-size: cover !important;}&#8221;][vc_column width=&#8221;1\/2&#8243;][vc_empty_space height=&#8221;&#8221; alter_height=&#8221;small&#8221; hide_on_mobile=&#8221;&#8221;][vc_single_image image=&#8221;1820&#8243; img_size=&#8221;full&#8221; alignment=&#8221;center&#8221; style=&#8221;vc_box_circle_2&#8243;][vc_empty_space height=&#8221;&#8221; alter_height=&#8221;small&#8221; hide_on_mobile=&#8221;&#8221;][\/vc_column][vc_column width=&#8221;1\/2&#8243;][vc_empty_space height=&#8221;&#8221; alter_height=&#8221;small&#8221; hide_on_mobile=&#8221;&#8221;]<div id=\"sc_title_989682756\"\r\n\t\tclass=\"scheme_dark sc_title sc_title_default\"><h3 class=\"sc_item_title sc_title_title sc_align_default sc_item_title_style_default\">P\u00eaches blanches<\/h3><div class=\"sc_item_descr sc_title_descr sc_align_default\">Les p\u00eaches blanches sont des fruits \u00e0 chair blanche, sucr\u00e9e et juteuse. Elles sont cultiv\u00e9es dans de nombreuses r\u00e9gions du monde, notamment en Europe et en Am\u00e9rique du Nord. Les vari\u00e9t\u00e9s de p\u00eaches blanches les plus populaires comprennent la p\u00eache blanche de Vigne, la p\u00eache blanche de Montreuil et la p\u00eache blanche de Provence. Elles sont g\u00e9n\u00e9ralement disponibles de juin \u00e0 septembre et sont riches en vitamines C et A, en potassium et en fibres. Les p\u00eaches blanches peuvent \u00eatre consomm\u00e9es crues, cuites ou utilis\u00e9es dans des desserts, des salades ou des smoothies.<\/div><\/div><!-- \/.sc_title -->[\/vc_column][\/vc_row][vc_row full_width=&#8221;stretch_row&#8221; css=&#8221;.vc_custom_1681907884770{background-color: #f28c02 !important;background-position: center !important;background-repeat: no-repeat !important;background-size: cover !important;}&#8221;][vc_column width=&#8221;1\/2&#8243;][vc_empty_space height=&#8221;&#8221; alter_height=&#8221;small&#8221; hide_on_mobile=&#8221;&#8221;][vc_single_image image=&#8221;1821&#8243; img_size=&#8221;full&#8221; alignment=&#8221;center&#8221; style=&#8221;vc_box_circle_2&#8243;][vc_empty_space height=&#8221;&#8221; alter_height=&#8221;small&#8221; hide_on_mobile=&#8221;&#8221;][\/vc_column][vc_column width=&#8221;1\/2&#8243;][vc_empty_space height=&#8221;&#8221; alter_height=&#8221;small&#8221; hide_on_mobile=&#8221;&#8221;]<div id=\"sc_title_1787206935\"\r\n\t\tclass=\"scheme_dark sc_title sc_title_default\"><h3 class=\"sc_item_title sc_title_title sc_align_default sc_item_title_style_default\">P\u00eaches jaunes<\/h3><div class=\"sc_item_descr sc_title_descr sc_align_default\">Les p\u00eaches jaunes sont des fruits charnus et juteux, de forme arrondie ou l\u00e9g\u00e8rement aplatie. Elles ont une peau velout\u00e9e de couleur jaune, parfois avec une rougeur sur une partie du fruit, et une chair sucr\u00e9e et parfum\u00e9e. Les p\u00eaches jaunes sont disponibles en \u00e9t\u00e9, de juin \u00e0 septembre en fonction des vari\u00e9t\u00e9s et des r\u00e9gions de production. Elles peuvent \u00eatre consomm\u00e9es crues, en salade de fruits ou en dessert, mais aussi cuites, poch\u00e9es, grill\u00e9es ou en conserve.<\/div><\/div><!-- \/.sc_title -->[\/vc_column][\/vc_row][vc_row full_width=&#8221;stretch_row&#8221; css=&#8221;.vc_custom_1681907884770{background-color: #f28c02 !important;background-position: center !important;background-repeat: no-repeat !important;background-size: cover !important;}&#8221;][vc_column width=&#8221;1\/2&#8243;][vc_empty_space height=&#8221;&#8221; alter_height=&#8221;small&#8221; hide_on_mobile=&#8221;&#8221;][vc_single_image image=&#8221;1822&#8243; img_size=&#8221;full&#8221; alignment=&#8221;center&#8221; style=&#8221;vc_box_circle_2&#8243;][vc_empty_space height=&#8221;&#8221; alter_height=&#8221;small&#8221; hide_on_mobile=&#8221;&#8221;][\/vc_column][vc_column width=&#8221;1\/2&#8243;][vc_empty_space height=&#8221;&#8221; alter_height=&#8221;small&#8221; hide_on_mobile=&#8221;&#8221;]<div id=\"sc_title_203780397\"\r\n\t\tclass=\"scheme_dark sc_title sc_title_default\"><h3 class=\"sc_item_title sc_title_title sc_align_default sc_item_title_style_default\">P\u00eaches plates<\/h3><div class=\"sc_item_descr sc_title_descr sc_align_default\">Les p\u00eaches plates, \u00e9galement connues sous le nom de p\u00eaches pavies ou p\u00eaches Saturne, sont un type de p\u00eache qui a une forme plate et ronde. Contrairement aux p\u00eaches traditionnelles, les p\u00eaches plates ont une forme aplaties, avec un creux distinct au centre qui leur donne l'apparence d'un petit disque. Elles sont souvent plus sucr\u00e9es et juteuses que les p\u00eaches r\u00e9guli\u00e8res et ont une peau l\u00e9g\u00e8rement velout\u00e9e et une chair ferme et juteuse. Les p\u00eaches plates sont souvent disponibles pendant la saison estivale et peuvent \u00eatre consomm\u00e9es crues, cuites ou utilis\u00e9es dans des recettes de desserts.<\/div><\/div><!-- \/.sc_title -->[\/vc_column][\/vc_row][vc_row][vc_column css=&#8221;.vc_custom_1479889131039{margin-top: 1em !important;margin-bottom: -3.5em !important;}&#8221;]<div id=\"sc_title_1944108049\"\r\n\t\tclass=\"sc_title sc_title_default\"><h6 class=\"sc_item_subtitle sc_title_subtitle sc_align_center sc_item_title_style_default\">Nos recettes<\/h6><h3 class=\"sc_item_title sc_title_title sc_align_center sc_item_title_style_default\">Une id\u00e9e de recette ?<\/h3><\/div><!-- \/.sc_title -->[vc_empty_space height=&#8221;2.6rem&#8221; alter_height=&#8221;none&#8221; hide_on_mobile=&#8221;&#8221;][\/vc_column][\/vc_row]<\/p>\n<\/section>","protected":false},"excerpt":{"rendered":"<p>Bienvenue dans notre s\u00e9lection de p\u00eaches.<\/p>\n","protected":false},"author":1,"featured_media":0,"template":"","class_list":["post-1819","cpt_services","type-cpt_services","status-publish","hentry","cpt_services_group-nos-fruits"],"yoast_head":"<!-- This site is optimized with the Yoast SEO plugin v21.7 - https:\/\/yoast.com\/wordpress\/plugins\/seo\/ -->\n<title>P\u00eaches - Fruitier des Halles<\/title>\n<meta name=\"robots\" content=\"index, follow, max-snippet:-1, max-image-preview:large, max-video-preview:-1\" \/>\n<link rel=\"canonical\" href=\"http:\/\/www.lefruitierdeshalles.fr\/index.php\/services\/peches\/\" \/>\n<meta property=\"og:locale\" content=\"fr_FR\" \/>\n<meta property=\"og:type\" content=\"article\" \/>\n<meta property=\"og:title\" content=\"P\u00eaches - Fruitier des Halles\" \/>\n<meta property=\"og:description\" content=\"Bienvenue dans notre s\u00e9lection de p\u00eaches.\" \/>\n<meta property=\"og:url\" content=\"http:\/\/www.lefruitierdeshalles.fr\/index.php\/services\/peches\/\" \/>\n<meta property=\"og:site_name\" content=\"Fruitier des Halles\" \/>\n<meta property=\"article:modified_time\" content=\"2023-04-27T14:49:15+00:00\" \/>\n<meta name=\"twitter:card\" content=\"summary_large_image\" \/>\n<meta name=\"twitter:label1\" content=\"Dur\u00e9e de lecture estim\u00e9e\" \/>\n\t<meta name=\"twitter:data1\" content=\"4 minutes\" \/>\n<script type=\"application\/ld+json\" class=\"yoast-schema-graph\">{\"@context\":\"https:\/\/schema.org\",\"@graph\":[{\"@type\":\"WebPage\",\"@id\":\"http:\/\/www.lefruitierdeshalles.fr\/index.php\/services\/peches\/\",\"url\":\"http:\/\/www.lefruitierdeshalles.fr\/index.php\/services\/peches\/\",\"name\":\"P\u00eaches - Fruitier des Halles\",\"isPartOf\":{\"@id\":\"http:\/\/www.lefruitierdeshalles.fr\/#website\"},\"datePublished\":\"2023-04-21T12:35:29+00:00\",\"dateModified\":\"2023-04-27T14:49:15+00:00\",\"breadcrumb\":{\"@id\":\"http:\/\/www.lefruitierdeshalles.fr\/index.php\/services\/peches\/#breadcrumb\"},\"inLanguage\":\"fr-FR\",\"potentialAction\":[{\"@type\":\"ReadAction\",\"target\":[\"http:\/\/www.lefruitierdeshalles.fr\/index.php\/services\/peches\/\"]}]},{\"@type\":\"BreadcrumbList\",\"@id\":\"http:\/\/www.lefruitierdeshalles.fr\/index.php\/services\/peches\/#breadcrumb\",\"itemListElement\":[{\"@type\":\"ListItem\",\"position\":1,\"name\":\"Accueil\",\"item\":\"http:\/\/www.lefruitierdeshalles.fr\/\"},{\"@type\":\"ListItem\",\"position\":2,\"name\":\"Services\",\"item\":\"http:\/\/www.lefruitierdeshalles.fr\/index.php\/services\/\"},{\"@type\":\"ListItem\",\"position\":3,\"name\":\"P\u00eaches\"}]},{\"@type\":\"WebSite\",\"@id\":\"http:\/\/www.lefruitierdeshalles.fr\/#website\",\"url\":\"http:\/\/www.lefruitierdeshalles.fr\/\",\"name\":\"Fruitier des Halles\",\"description\":\"Primeur \u00e0 Rouen\",\"publisher\":{\"@id\":\"http:\/\/www.lefruitierdeshalles.fr\/#organization\"},\"potentialAction\":[{\"@type\":\"SearchAction\",\"target\":{\"@type\":\"EntryPoint\",\"urlTemplate\":\"http:\/\/www.lefruitierdeshalles.fr\/?s={search_term_string}\"},\"query-input\":\"required name=search_term_string\"}],\"inLanguage\":\"fr-FR\"},{\"@type\":\"Organization\",\"@id\":\"http:\/\/www.lefruitierdeshalles.fr\/#organization\",\"name\":\"Fruitier des Halles\",\"url\":\"http:\/\/www.lefruitierdeshalles.fr\/\",\"logo\":{\"@type\":\"ImageObject\",\"inLanguage\":\"fr-FR\",\"@id\":\"http:\/\/www.lefruitierdeshalles.fr\/#\/schema\/logo\/image\/\",\"url\":\"http:\/\/www.lefruitierdeshalles.fr\/wp-content\/uploads\/2023\/04\/cropped-Logo-3_Plan-de-travail-1-03.png\",\"contentUrl\":\"http:\/\/www.lefruitierdeshalles.fr\/wp-content\/uploads\/2023\/04\/cropped-Logo-3_Plan-de-travail-1-03.png\",\"width\":512,\"height\":512,\"caption\":\"Fruitier des Halles\"},\"image\":{\"@id\":\"http:\/\/www.lefruitierdeshalles.fr\/#\/schema\/logo\/image\/\"},\"sameAs\":[\"https:\/\/www.instagram.com\/lefruitierdeshalles_rouen\/\"]}]}<\/script>\n<!-- \/ Yoast SEO plugin. -->","yoast_head_json":{"title":"P\u00eaches - Fruitier des Halles","robots":{"index":"index","follow":"follow","max-snippet":"max-snippet:-1","max-image-preview":"max-image-preview:large","max-video-preview":"max-video-preview:-1"},"canonical":"http:\/\/www.lefruitierdeshalles.fr\/index.php\/services\/peches\/","og_locale":"fr_FR","og_type":"article","og_title":"P\u00eaches - Fruitier des Halles","og_description":"Bienvenue dans notre s\u00e9lection de p\u00eaches.","og_url":"http:\/\/www.lefruitierdeshalles.fr\/index.php\/services\/peches\/","og_site_name":"Fruitier des Halles","article_modified_time":"2023-04-27T14:49:15+00:00","twitter_card":"summary_large_image","twitter_misc":{"Dur\u00e9e de lecture estim\u00e9e":"4 minutes"},"schema":{"@context":"https:\/\/schema.org","@graph":[{"@type":"WebPage","@id":"http:\/\/www.lefruitierdeshalles.fr\/index.php\/services\/peches\/","url":"http:\/\/www.lefruitierdeshalles.fr\/index.php\/services\/peches\/","name":"P\u00eaches - Fruitier des Halles","isPartOf":{"@id":"http:\/\/www.lefruitierdeshalles.fr\/#website"},"datePublished":"2023-04-21T12:35:29+00:00","dateModified":"2023-04-27T14:49:15+00:00","breadcrumb":{"@id":"http:\/\/www.lefruitierdeshalles.fr\/index.php\/services\/peches\/#breadcrumb"},"inLanguage":"fr-FR","potentialAction":[{"@type":"ReadAction","target":["http:\/\/www.lefruitierdeshalles.fr\/index.php\/services\/peches\/"]}]},{"@type":"BreadcrumbList","@id":"http:\/\/www.lefruitierdeshalles.fr\/index.php\/services\/peches\/#breadcrumb","itemListElement":[{"@type":"ListItem","position":1,"name":"Accueil","item":"http:\/\/www.lefruitierdeshalles.fr\/"},{"@type":"ListItem","position":2,"name":"Services","item":"http:\/\/www.lefruitierdeshalles.fr\/index.php\/services\/"},{"@type":"ListItem","position":3,"name":"P\u00eaches"}]},{"@type":"WebSite","@id":"http:\/\/www.lefruitierdeshalles.fr\/#website","url":"http:\/\/www.lefruitierdeshalles.fr\/","name":"Fruitier des Halles","description":"Primeur \u00e0 Rouen","publisher":{"@id":"http:\/\/www.lefruitierdeshalles.fr\/#organization"},"potentialAction":[{"@type":"SearchAction","target":{"@type":"EntryPoint","urlTemplate":"http:\/\/www.lefruitierdeshalles.fr\/?s={search_term_string}"},"query-input":"required name=search_term_string"}],"inLanguage":"fr-FR"},{"@type":"Organization","@id":"http:\/\/www.lefruitierdeshalles.fr\/#organization","name":"Fruitier des Halles","url":"http:\/\/www.lefruitierdeshalles.fr\/","logo":{"@type":"ImageObject","inLanguage":"fr-FR","@id":"http:\/\/www.lefruitierdeshalles.fr\/#\/schema\/logo\/image\/","url":"http:\/\/www.lefruitierdeshalles.fr\/wp-content\/uploads\/2023\/04\/cropped-Logo-3_Plan-de-travail-1-03.png","contentUrl":"http:\/\/www.lefruitierdeshalles.fr\/wp-content\/uploads\/2023\/04\/cropped-Logo-3_Plan-de-travail-1-03.png","width":512,"height":512,"caption":"Fruitier des Halles"},"image":{"@id":"http:\/\/www.lefruitierdeshalles.fr\/#\/schema\/logo\/image\/"},"sameAs":["https:\/\/www.instagram.com\/lefruitierdeshalles_rouen\/"]}]}},"_links":{"self":[{"href":"http:\/\/www.lefruitierdeshalles.fr\/index.php\/wp-json\/wp\/v2\/cpt_services\/1819","targetHints":{"allow":["GET"]}}],"collection":[{"href":"http:\/\/www.lefruitierdeshalles.fr\/index.php\/wp-json\/wp\/v2\/cpt_services"}],"about":[{"href":"http:\/\/www.lefruitierdeshalles.fr\/index.php\/wp-json\/wp\/v2\/types\/cpt_services"}],"author":[{"embeddable":true,"href":"http:\/\/www.lefruitierdeshalles.fr\/index.php\/wp-json\/wp\/v2\/users\/1"}],"wp:attachment":[{"href":"http:\/\/www.lefruitierdeshalles.fr\/index.php\/wp-json\/wp\/v2\/media?parent=1819"}],"curies":[{"name":"wp","href":"https:\/\/api.w.org\/{rel}","templated":true}]}}