{"id":1757,"date":"2023-04-21T10:06:01","date_gmt":"2023-04-21T08:06:01","guid":{"rendered":"https:\/\/www.lefruitierdeshalles.fr\/?post_type=cpt_services&#038;p=1757"},"modified":"2023-04-27T16:40:17","modified_gmt":"2023-04-27T14:40:17","slug":"figues","status":"publish","type":"cpt_services","link":"https:\/\/www.lefruitierdeshalles.fr\/index.php\/services\/figues\/","title":{"rendered":"Figues"},"content":{"rendered":"<section class=\"wpb-content-wrapper\"><p>[vc_row][vc_column width=&#8221;1\/2&#8243; css=&#8221;.vc_custom_1479921547216{margin-top: -0.8em !important;margin-bottom: 1em !important;}&#8221;]<div id=\"sc_title_1011580996\"\r\n\t\tclass=\"sc_title sc_title_default\"><h3 class=\"sc_item_title sc_title_title sc_align_default sc_item_title_style_default\">Figues<\/h3><div class=\"sc_item_descr sc_title_descr sc_align_default\">Bienvenue dans notre gamme de figues ! Nous sommes fiers de vous proposer une s\u00e9lection de figues savoureuses et de qualit\u00e9 sup\u00e9rieure. Que vous pr\u00e9f\u00e9riez les figues fra\u00eeches pour votre salade ou pour accompagner votre plateau de fromages, ou bien les figues s\u00e9ch\u00e9es pour vos collations, vous trouverez chez nous les meilleurs produits. D\u00e9couvrez d\u00e8s maintenant notre gamme de figues et laissez-vous s\u00e9duire par leur go\u00fbt sucr\u00e9 et d\u00e9licat.<\/div><\/div><!-- \/.sc_title -->[vc_empty_space height=&#8221;7.3rem&#8221; alter_height=&#8221;none&#8221; hide_on_mobile=&#8221;&#8221;][\/vc_column][vc_column width=&#8221;1\/2&#8243; css=&#8221;.vc_custom_1479883614224{margin-top: -3.6em !important;}&#8221;]<div class=\"sc_item_button sc_button_wrap sc_align_center\"><a href=\"https:\/\/www.ollca.com\/rouen\/boutiques\/fruitierdeshalles\"\r\n\t id=\"sc_button_1463948181\" \r\n\tclass=\"sc_button sc_button_default sc_button_size_normal sc_button_icon_left\"\r\n\t\t><span class=\"sc_button_text\"><span class=\"sc_button_title\">Commander<\/span><\/span><!-- \/.sc_button_text --><\/a><!-- \/.sc_button --><\/div><!-- \/.sc_item_button -->[\/vc_column][\/vc_row][vc_row full_width=&#8221;stretch_row&#8221; css=&#8221;.vc_custom_1681907884770{background-color: #f28c02 !important;background-position: center !important;background-repeat: no-repeat !important;background-size: cover !important;}&#8221;][vc_column width=&#8221;1\/2&#8243;][vc_empty_space height=&#8221;&#8221; alter_height=&#8221;small&#8221; hide_on_mobile=&#8221;&#8221;][vc_single_image image=&#8221;1758&#8243; img_size=&#8221;full&#8221; alignment=&#8221;center&#8221; style=&#8221;vc_box_circle_2&#8243;][vc_empty_space height=&#8221;&#8221; alter_height=&#8221;small&#8221; hide_on_mobile=&#8221;&#8221;][\/vc_column][vc_column width=&#8221;1\/2&#8243;][vc_empty_space height=&#8221;&#8221; alter_height=&#8221;small&#8221; hide_on_mobile=&#8221;&#8221;]<div id=\"sc_title_1045489650\"\r\n\t\tclass=\"scheme_dark sc_title sc_title_default\"><h3 class=\"sc_item_title sc_title_title sc_align_default sc_item_title_style_default\">Figue A.O.P. de Solli\u00e8s<\/h3><div class=\"sc_item_descr sc_title_descr sc_align_default\">Les figues A.O.P. (Appellation d'Origine Prot\u00e9g\u00e9e) de Solli\u00e8s sont des fruits charnus, juteux et sucr\u00e9s, cultiv\u00e9s dans la r\u00e9gion de Solli\u00e8s-Pont, dans le Var en France. Elles sont reconnues pour leur qualit\u00e9 exceptionnelle et leur saveur unique, qui est due aux conditions de culture id\u00e9ales dans cette r\u00e9gion ensoleill\u00e9e et leur m\u00e9thode de cueillette \u00e0 la main. Les figues A.O.P. de Solli\u00e8s peuvent \u00eatre d\u00e9gust\u00e9es fra\u00eeches ou cuisin\u00e9es dans une vari\u00e9t\u00e9 de plats sucr\u00e9s ou sal\u00e9s. Elles sont \u00e9galement une excellente source de nutriments, comme les fibres, les vitamines et les min\u00e9raux.<\/div><\/div><!-- \/.sc_title -->[\/vc_column][\/vc_row][vc_row full_width=&#8221;stretch_row&#8221; css=&#8221;.vc_custom_1681907884770{background-color: #f28c02 !important;background-position: center !important;background-repeat: no-repeat !important;background-size: cover !important;}&#8221;][vc_column width=&#8221;1\/2&#8243;][vc_empty_space height=&#8221;&#8221; alter_height=&#8221;small&#8221; hide_on_mobile=&#8221;&#8221;][vc_single_image image=&#8221;1759&#8243; img_size=&#8221;full&#8221; alignment=&#8221;center&#8221; style=&#8221;vc_box_circle_2&#8243;][vc_empty_space height=&#8221;&#8221; alter_height=&#8221;small&#8221; hide_on_mobile=&#8221;&#8221;][\/vc_column][vc_column width=&#8221;1\/2&#8243;][vc_empty_space height=&#8221;&#8221; alter_height=&#8221;small&#8221; hide_on_mobile=&#8221;&#8221;]<div id=\"sc_title_1563176181\"\r\n\t\tclass=\"scheme_dark sc_title sc_title_default\"><h3 class=\"sc_item_title sc_title_title sc_align_default sc_item_title_style_default\">Figues s\u00e8ches Baglama<\/h3><div class=\"sc_item_descr sc_title_descr sc_align_default\">Les figues s\u00e8ches Baglama sont des fruits s\u00e9ch\u00e9s issus du figuier, riches en fibres et en nutriments. Elles sont cultiv\u00e9es dans les r\u00e9gions m\u00e9diterran\u00e9ennes et sont s\u00e9ch\u00e9es naturellement au soleil pour conserver leur saveur sucr\u00e9e et leur texture moelleuse. Les figues s\u00e8ches Baglama sont une excellente source d'\u00e9nergie pour les activit\u00e9s physiques et intellectuelles, ainsi qu'une option saine et pratique pour les collations. Elles peuvent \u00eatre consomm\u00e9es seules, comme collation ou ajout\u00e9es \u00e0 une vari\u00e9t\u00e9 de recettes sucr\u00e9es et sal\u00e9es.<\/div><\/div><!-- \/.sc_title -->[\/vc_column][\/vc_row][vc_row full_width=&#8221;stretch_row&#8221; css=&#8221;.vc_custom_1681907884770{background-color: #f28c02 !important;background-position: center !important;background-repeat: no-repeat !important;background-size: cover !important;}&#8221;][vc_column width=&#8221;1\/2&#8243;][vc_empty_space height=&#8221;&#8221; alter_height=&#8221;small&#8221; hide_on_mobile=&#8221;&#8221;][vc_single_image image=&#8221;1760&#8243; img_size=&#8221;full&#8221; alignment=&#8221;center&#8221; style=&#8221;vc_box_circle_2&#8243;][vc_empty_space height=&#8221;&#8221; alter_height=&#8221;small&#8221; hide_on_mobile=&#8221;&#8221;][\/vc_column][vc_column width=&#8221;1\/2&#8243;][vc_empty_space height=&#8221;&#8221; alter_height=&#8221;small&#8221; hide_on_mobile=&#8221;&#8221;]<div id=\"sc_title_685838535\"\r\n\t\tclass=\"scheme_dark sc_title sc_title_default\"><h3 class=\"sc_item_title sc_title_title sc_align_default sc_item_title_style_default\">Figues s\u00e8ches L\u00e9rida<\/h3><div class=\"sc_item_descr sc_title_descr sc_align_default\">Les figues s\u00e8ches L\u00e9rida sont des fruits secs \u00e0 la texture moelleuse et au go\u00fbt sucr\u00e9. Elles sont issues de la vari\u00e9t\u00e9 de figue \"Calabacita\", cultiv\u00e9e principalement dans la r\u00e9gion de L\u00e9rida en Espagne. Les figues sont cueillies \u00e0 maturit\u00e9 et s\u00e9ch\u00e9es au soleil pour conserver leur saveur naturelle. Les figues s\u00e8ches L\u00e9rida sont riches en fibres, en antioxydants et en min\u00e9raux tels que le potassium, le calcium et le fer. Elles peuvent \u00eatre consomm\u00e9es telles quelles en tant que collation saine ou utilis\u00e9es comme ingr\u00e9dient dans une vari\u00e9t\u00e9 de plats sucr\u00e9s et sal\u00e9s.<\/div><\/div><!-- \/.sc_title -->[\/vc_column][\/vc_row][vc_row full_width=&#8221;stretch_row&#8221; css=&#8221;.vc_custom_1681907884770{background-color: #f28c02 !important;background-position: center !important;background-repeat: no-repeat !important;background-size: cover !important;}&#8221;][vc_column width=&#8221;1\/2&#8243;][vc_empty_space height=&#8221;&#8221; alter_height=&#8221;small&#8221; hide_on_mobile=&#8221;&#8221;][vc_single_image image=&#8221;1761&#8243; img_size=&#8221;full&#8221; alignment=&#8221;center&#8221; style=&#8221;vc_box_circle_2&#8243;][vc_empty_space height=&#8221;&#8221; alter_height=&#8221;small&#8221; hide_on_mobile=&#8221;&#8221;][\/vc_column][vc_column width=&#8221;1\/2&#8243;][vc_empty_space height=&#8221;&#8221; alter_height=&#8221;small&#8221; hide_on_mobile=&#8221;&#8221;]<div id=\"sc_title_688187020\"\r\n\t\tclass=\"scheme_dark sc_title sc_title_default\"><h3 class=\"sc_item_title sc_title_title sc_align_default sc_item_title_style_default\">Figuettes<\/h3><div class=\"sc_item_descr sc_title_descr sc_align_default\">Les figuettes, \u00e9galement appel\u00e9es figues s\u00e8ches naturelles, sont des fruits s\u00e9ch\u00e9s obtenus \u00e0 partir de la figue fra\u00eeche. Les figuettes sont riches en fibres, en antioxydants et en min\u00e9raux tels que le potassium, le magn\u00e9sium et le fer. Elles peuvent \u00eatre consomm\u00e9es seules en collation ou utilis\u00e9es comme ingr\u00e9dient dans des recettes sucr\u00e9es ou sal\u00e9es. Les figuettes sont une alternative saine et naturelle aux collations transform\u00e9es et sucr\u00e9es.<\/div><\/div><!-- \/.sc_title -->[\/vc_column][\/vc_row][vc_row][vc_column css=&#8221;.vc_custom_1479889131039{margin-top: 1em !important;margin-bottom: -3.5em !important;}&#8221;]<div id=\"sc_title_1058187398\"\r\n\t\tclass=\"sc_title sc_title_default\"><h6 class=\"sc_item_subtitle sc_title_subtitle sc_align_center sc_item_title_style_default\">Nos recettes<\/h6><h3 class=\"sc_item_title sc_title_title sc_align_center sc_item_title_style_default\">Une id\u00e9e de recette ?<\/h3><\/div><!-- \/.sc_title -->[vc_empty_space height=&#8221;2.6rem&#8221; alter_height=&#8221;none&#8221; hide_on_mobile=&#8221;&#8221;][\/vc_column][\/vc_row]<\/p>\n<\/section>","protected":false},"excerpt":{"rendered":"<p>Bienvenue dans notre gamme de figues !<\/p>\n","protected":false},"author":1,"featured_media":0,"template":"","class_list":["post-1757","cpt_services","type-cpt_services","status-publish","hentry","cpt_services_group-nos-fruits"],"yoast_head":"<!-- This site is optimized with the Yoast SEO plugin v21.7 - https:\/\/yoast.com\/wordpress\/plugins\/seo\/ -->\n<title>Figues - Fruitier des Halles<\/title>\n<meta name=\"robots\" content=\"index, follow, max-snippet:-1, max-image-preview:large, max-video-preview:-1\" \/>\n<link rel=\"canonical\" href=\"https:\/\/www.lefruitierdeshalles.fr\/index.php\/services\/figues\/\" \/>\n<meta property=\"og:locale\" content=\"fr_FR\" \/>\n<meta property=\"og:type\" content=\"article\" \/>\n<meta property=\"og:title\" content=\"Figues - Fruitier des Halles\" \/>\n<meta property=\"og:description\" content=\"Bienvenue dans notre gamme de figues !\" \/>\n<meta property=\"og:url\" content=\"https:\/\/www.lefruitierdeshalles.fr\/index.php\/services\/figues\/\" \/>\n<meta property=\"og:site_name\" content=\"Fruitier des Halles\" \/>\n<meta property=\"article:modified_time\" content=\"2023-04-27T14:40:17+00:00\" \/>\n<meta name=\"twitter:card\" content=\"summary_large_image\" \/>\n<meta name=\"twitter:label1\" content=\"Dur\u00e9e de lecture estim\u00e9e\" \/>\n\t<meta name=\"twitter:data1\" content=\"5 minutes\" \/>\n<script type=\"application\/ld+json\" class=\"yoast-schema-graph\">{\"@context\":\"https:\/\/schema.org\",\"@graph\":[{\"@type\":\"WebPage\",\"@id\":\"https:\/\/www.lefruitierdeshalles.fr\/index.php\/services\/figues\/\",\"url\":\"https:\/\/www.lefruitierdeshalles.fr\/index.php\/services\/figues\/\",\"name\":\"Figues - Fruitier des Halles\",\"isPartOf\":{\"@id\":\"https:\/\/www.lefruitierdeshalles.fr\/#website\"},\"datePublished\":\"2023-04-21T08:06:01+00:00\",\"dateModified\":\"2023-04-27T14:40:17+00:00\",\"breadcrumb\":{\"@id\":\"https:\/\/www.lefruitierdeshalles.fr\/index.php\/services\/figues\/#breadcrumb\"},\"inLanguage\":\"fr-FR\",\"potentialAction\":[{\"@type\":\"ReadAction\",\"target\":[\"https:\/\/www.lefruitierdeshalles.fr\/index.php\/services\/figues\/\"]}]},{\"@type\":\"BreadcrumbList\",\"@id\":\"https:\/\/www.lefruitierdeshalles.fr\/index.php\/services\/figues\/#breadcrumb\",\"itemListElement\":[{\"@type\":\"ListItem\",\"position\":1,\"name\":\"Accueil\",\"item\":\"https:\/\/www.lefruitierdeshalles.fr\/\"},{\"@type\":\"ListItem\",\"position\":2,\"name\":\"Services\",\"item\":\"https:\/\/www.lefruitierdeshalles.fr\/index.php\/services\/\"},{\"@type\":\"ListItem\",\"position\":3,\"name\":\"Figues\"}]},{\"@type\":\"WebSite\",\"@id\":\"https:\/\/www.lefruitierdeshalles.fr\/#website\",\"url\":\"https:\/\/www.lefruitierdeshalles.fr\/\",\"name\":\"Fruitier des Halles\",\"description\":\"Primeur \u00e0 Rouen\",\"publisher\":{\"@id\":\"https:\/\/www.lefruitierdeshalles.fr\/#organization\"},\"potentialAction\":[{\"@type\":\"SearchAction\",\"target\":{\"@type\":\"EntryPoint\",\"urlTemplate\":\"https:\/\/www.lefruitierdeshalles.fr\/?s={search_term_string}\"},\"query-input\":\"required name=search_term_string\"}],\"inLanguage\":\"fr-FR\"},{\"@type\":\"Organization\",\"@id\":\"https:\/\/www.lefruitierdeshalles.fr\/#organization\",\"name\":\"Fruitier des Halles\",\"url\":\"https:\/\/www.lefruitierdeshalles.fr\/\",\"logo\":{\"@type\":\"ImageObject\",\"inLanguage\":\"fr-FR\",\"@id\":\"https:\/\/www.lefruitierdeshalles.fr\/#\/schema\/logo\/image\/\",\"url\":\"http:\/\/www.lefruitierdeshalles.fr\/wp-content\/uploads\/2023\/04\/cropped-Logo-3_Plan-de-travail-1-03.png\",\"contentUrl\":\"http:\/\/www.lefruitierdeshalles.fr\/wp-content\/uploads\/2023\/04\/cropped-Logo-3_Plan-de-travail-1-03.png\",\"width\":512,\"height\":512,\"caption\":\"Fruitier des Halles\"},\"image\":{\"@id\":\"https:\/\/www.lefruitierdeshalles.fr\/#\/schema\/logo\/image\/\"},\"sameAs\":[\"https:\/\/www.instagram.com\/lefruitierdeshalles_rouen\/\"]}]}<\/script>\n<!-- \/ Yoast SEO plugin. -->","yoast_head_json":{"title":"Figues - Fruitier des Halles","robots":{"index":"index","follow":"follow","max-snippet":"max-snippet:-1","max-image-preview":"max-image-preview:large","max-video-preview":"max-video-preview:-1"},"canonical":"https:\/\/www.lefruitierdeshalles.fr\/index.php\/services\/figues\/","og_locale":"fr_FR","og_type":"article","og_title":"Figues - Fruitier des Halles","og_description":"Bienvenue dans notre gamme de figues !","og_url":"https:\/\/www.lefruitierdeshalles.fr\/index.php\/services\/figues\/","og_site_name":"Fruitier des Halles","article_modified_time":"2023-04-27T14:40:17+00:00","twitter_card":"summary_large_image","twitter_misc":{"Dur\u00e9e de lecture estim\u00e9e":"5 minutes"},"schema":{"@context":"https:\/\/schema.org","@graph":[{"@type":"WebPage","@id":"https:\/\/www.lefruitierdeshalles.fr\/index.php\/services\/figues\/","url":"https:\/\/www.lefruitierdeshalles.fr\/index.php\/services\/figues\/","name":"Figues - Fruitier des Halles","isPartOf":{"@id":"https:\/\/www.lefruitierdeshalles.fr\/#website"},"datePublished":"2023-04-21T08:06:01+00:00","dateModified":"2023-04-27T14:40:17+00:00","breadcrumb":{"@id":"https:\/\/www.lefruitierdeshalles.fr\/index.php\/services\/figues\/#breadcrumb"},"inLanguage":"fr-FR","potentialAction":[{"@type":"ReadAction","target":["https:\/\/www.lefruitierdeshalles.fr\/index.php\/services\/figues\/"]}]},{"@type":"BreadcrumbList","@id":"https:\/\/www.lefruitierdeshalles.fr\/index.php\/services\/figues\/#breadcrumb","itemListElement":[{"@type":"ListItem","position":1,"name":"Accueil","item":"https:\/\/www.lefruitierdeshalles.fr\/"},{"@type":"ListItem","position":2,"name":"Services","item":"https:\/\/www.lefruitierdeshalles.fr\/index.php\/services\/"},{"@type":"ListItem","position":3,"name":"Figues"}]},{"@type":"WebSite","@id":"https:\/\/www.lefruitierdeshalles.fr\/#website","url":"https:\/\/www.lefruitierdeshalles.fr\/","name":"Fruitier des Halles","description":"Primeur \u00e0 Rouen","publisher":{"@id":"https:\/\/www.lefruitierdeshalles.fr\/#organization"},"potentialAction":[{"@type":"SearchAction","target":{"@type":"EntryPoint","urlTemplate":"https:\/\/www.lefruitierdeshalles.fr\/?s={search_term_string}"},"query-input":"required name=search_term_string"}],"inLanguage":"fr-FR"},{"@type":"Organization","@id":"https:\/\/www.lefruitierdeshalles.fr\/#organization","name":"Fruitier des Halles","url":"https:\/\/www.lefruitierdeshalles.fr\/","logo":{"@type":"ImageObject","inLanguage":"fr-FR","@id":"https:\/\/www.lefruitierdeshalles.fr\/#\/schema\/logo\/image\/","url":"http:\/\/www.lefruitierdeshalles.fr\/wp-content\/uploads\/2023\/04\/cropped-Logo-3_Plan-de-travail-1-03.png","contentUrl":"http:\/\/www.lefruitierdeshalles.fr\/wp-content\/uploads\/2023\/04\/cropped-Logo-3_Plan-de-travail-1-03.png","width":512,"height":512,"caption":"Fruitier des Halles"},"image":{"@id":"https:\/\/www.lefruitierdeshalles.fr\/#\/schema\/logo\/image\/"},"sameAs":["https:\/\/www.instagram.com\/lefruitierdeshalles_rouen\/"]}]}},"_links":{"self":[{"href":"https:\/\/www.lefruitierdeshalles.fr\/index.php\/wp-json\/wp\/v2\/cpt_services\/1757","targetHints":{"allow":["GET"]}}],"collection":[{"href":"https:\/\/www.lefruitierdeshalles.fr\/index.php\/wp-json\/wp\/v2\/cpt_services"}],"about":[{"href":"https:\/\/www.lefruitierdeshalles.fr\/index.php\/wp-json\/wp\/v2\/types\/cpt_services"}],"author":[{"embeddable":true,"href":"https:\/\/www.lefruitierdeshalles.fr\/index.php\/wp-json\/wp\/v2\/users\/1"}],"wp:attachment":[{"href":"https:\/\/www.lefruitierdeshalles.fr\/index.php\/wp-json\/wp\/v2\/media?parent=1757"}],"curies":[{"name":"wp","href":"https:\/\/api.w.org\/{rel}","templated":true}]}}