{"id":1851,"date":"2023-04-21T17:25:36","date_gmt":"2023-04-21T15:25:36","guid":{"rendered":"https:\/\/www.lefruitierdeshalles.fr\/?post_type=cpt_services&#038;p=1851"},"modified":"2023-04-27T16:51:31","modified_gmt":"2023-04-27T14:51:31","slug":"prunes","status":"publish","type":"cpt_services","link":"https:\/\/www.lefruitierdeshalles.fr\/index.php\/services\/prunes\/","title":{"rendered":"Prunes"},"content":{"rendered":"<section class=\"wpb-content-wrapper\"><p>[vc_row][vc_column width=&#8221;1\/2&#8243; css=&#8221;.vc_custom_1479921547216{margin-top: -0.8em !important;margin-bottom: 1em !important;}&#8221;]<div id=\"sc_title_1084958664\"\r\n\t\tclass=\"sc_title sc_title_default\"><h3 class=\"sc_item_title sc_title_title sc_align_default sc_item_title_style_default\">Prunes<\/h3><div class=\"sc_item_descr sc_title_descr sc_align_default\">Bienvenue dans notre gamme de prunes, o\u00f9 nous proposons une vari\u00e9t\u00e9 de fruits savoureux et juteux pour tous les go\u00fbts. Nos prunes sont soigneusement s\u00e9lectionn\u00e9es aupr\u00e8s de producteurs locaux pour garantir la meilleure qualit\u00e9 possible. Que vous les mangiez crues, cuites ou transform\u00e9es en d\u00e9licieuses confitures et tartes, nos prunes sont parfaites pour toute occasion. Parcourez notre s\u00e9lection de prunes fra\u00eeches et d\u00e9couvrez votre nouvelle vari\u00e9t\u00e9 pr\u00e9f\u00e9r\u00e9e d\u00e8s aujourd'hui !<\/div><\/div><!-- \/.sc_title -->[vc_empty_space height=&#8221;7.3rem&#8221; alter_height=&#8221;none&#8221; hide_on_mobile=&#8221;&#8221;][\/vc_column][vc_column width=&#8221;1\/2&#8243; css=&#8221;.vc_custom_1479883614224{margin-top: -3.6em !important;}&#8221;]<div class=\"sc_item_button sc_button_wrap sc_align_center\"><a href=\"https:\/\/www.ollca.com\/rouen\/boutiques\/fruitierdeshalles\"\r\n\t id=\"sc_button_1560857861\" \r\n\tclass=\"sc_button sc_button_default sc_button_size_normal sc_button_icon_left\"\r\n\t\t><span class=\"sc_button_text\"><span class=\"sc_button_title\">Commander<\/span><\/span><!-- \/.sc_button_text --><\/a><!-- \/.sc_button --><\/div><!-- \/.sc_item_button -->[\/vc_column][\/vc_row][vc_row full_width=&#8221;stretch_row&#8221; css=&#8221;.vc_custom_1681907884770{background-color: #f28c02 !important;background-position: center !important;background-repeat: no-repeat !important;background-size: cover !important;}&#8221;][vc_column width=&#8221;1\/2&#8243;][vc_empty_space height=&#8221;&#8221; alter_height=&#8221;small&#8221; hide_on_mobile=&#8221;&#8221;][vc_single_image image=&#8221;1852&#8243; img_size=&#8221;full&#8221; alignment=&#8221;center&#8221; style=&#8221;vc_box_circle_2&#8243;][vc_empty_space height=&#8221;&#8221; alter_height=&#8221;small&#8221; hide_on_mobile=&#8221;&#8221;][\/vc_column][vc_column width=&#8221;1\/2&#8243;][vc_empty_space height=&#8221;&#8221; alter_height=&#8221;small&#8221; hide_on_mobile=&#8221;&#8221;]<div id=\"sc_title_633436961\"\r\n\t\tclass=\"scheme_dark sc_title sc_title_default\"><h3 class=\"sc_item_title sc_title_title sc_align_default sc_item_title_style_default\">Prune D'ente<\/h3><div class=\"sc_item_descr sc_title_descr sc_align_default\">La prune d'Ente est une vari\u00e9t\u00e9 de prune originaire du Sud-Ouest de la France, principalement cultiv\u00e9e dans la r\u00e9gion de Lot-et-Garonne. Elle est utilis\u00e9e pour la production de pruneaux d'Agen, une sp\u00e9cialit\u00e9 culinaire de la r\u00e9gion. La prune d'Ente est une prune charnue, de taille moyenne \u00e0 grande, avec une peau violet fonc\u00e9 et une chair jaune-verte. Elle est souvent consomm\u00e9e s\u00e9ch\u00e9e sous forme de pruneau, mais peut \u00e9galement \u00eatre utilis\u00e9e pour faire des confitures, des compotes ou des desserts.<\/div><\/div><!-- \/.sc_title -->[\/vc_column][\/vc_row][vc_row full_width=&#8221;stretch_row&#8221; css=&#8221;.vc_custom_1681907884770{background-color: #f28c02 !important;background-position: center !important;background-repeat: no-repeat !important;background-size: cover !important;}&#8221;][vc_column width=&#8221;1\/2&#8243;][vc_empty_space height=&#8221;&#8221; alter_height=&#8221;small&#8221; hide_on_mobile=&#8221;&#8221;][vc_single_image image=&#8221;1853&#8243; img_size=&#8221;full&#8221; alignment=&#8221;center&#8221; style=&#8221;vc_box_circle_2&#8243;][vc_empty_space height=&#8221;&#8221; alter_height=&#8221;small&#8221; hide_on_mobile=&#8221;&#8221;][\/vc_column][vc_column width=&#8221;1\/2&#8243;][vc_empty_space height=&#8221;&#8221; alter_height=&#8221;small&#8221; hide_on_mobile=&#8221;&#8221;]<div id=\"sc_title_966759164\"\r\n\t\tclass=\"scheme_dark sc_title sc_title_default\"><h3 class=\"sc_item_title sc_title_title sc_align_default sc_item_title_style_default\">Pruneaux<\/h3><div class=\"sc_item_descr sc_title_descr sc_align_default\">Les pruneaux sont des fruits s\u00e9ch\u00e9s obtenus \u00e0 partir de prunes. Les prunes sont cueillies \u00e0 maturit\u00e9, puis d\u00e9noyaut\u00e9es avant d'\u00eatre s\u00e9ch\u00e9es. Les pruneaux sont riches en fibres, en vitamines et en min\u00e9raux, et sont souvent consomm\u00e9s comme collation saine. Ils peuvent \u00e9galement \u00eatre utilis\u00e9s dans de nombreuses recettes de cuisine, notamment dans les desserts, les plats sucr\u00e9s-sal\u00e9s, les marinades, etc. Il existe de nombreuses vari\u00e9t\u00e9s de prunes qui peuvent \u00eatre utilis\u00e9es pour faire des pruneaux, notamment les prunes d'Agen, les prunes de California, les prunes de Damas, etc.<\/div><\/div><!-- \/.sc_title -->[\/vc_column][\/vc_row][vc_row full_width=&#8221;stretch_row&#8221; css=&#8221;.vc_custom_1681907884770{background-color: #f28c02 !important;background-position: center !important;background-repeat: no-repeat !important;background-size: cover !important;}&#8221;][vc_column width=&#8221;1\/2&#8243;][vc_empty_space height=&#8221;&#8221; alter_height=&#8221;small&#8221; hide_on_mobile=&#8221;&#8221;][vc_single_image image=&#8221;1854&#8243; img_size=&#8221;full&#8221; alignment=&#8221;center&#8221; style=&#8221;vc_box_circle_2&#8243;][vc_empty_space height=&#8221;&#8221; alter_height=&#8221;small&#8221; hide_on_mobile=&#8221;&#8221;][\/vc_column][vc_column width=&#8221;1\/2&#8243;][vc_empty_space height=&#8221;&#8221; alter_height=&#8221;small&#8221; hide_on_mobile=&#8221;&#8221;]<div id=\"sc_title_862869925\"\r\n\t\tclass=\"scheme_dark sc_title sc_title_default\"><h3 class=\"sc_item_title sc_title_title sc_align_default sc_item_title_style_default\">Prunes Mirabelles<\/h3><div class=\"sc_item_descr sc_title_descr sc_align_default\">Les prunes Mirabelles sont un type de prune originaire de l'est de la France, en particulier de la Lorraine. Elles sont de forme ronde et l\u00e9g\u00e8rement aplatie, avec une peau lisse de couleur jaune dor\u00e9 \u00e0 maturit\u00e9. Elles ont une chair juteuse et sucr\u00e9e, avec une saveur d\u00e9licate et parfum\u00e9e. Les Mirabelles sont souvent utilis\u00e9es pour faire des confitures, des tartes et des liqueurs, mais elles peuvent \u00e9galement \u00eatre consomm\u00e9es fra\u00eeches.<\/div><\/div><!-- \/.sc_title -->[\/vc_column][\/vc_row][vc_row][vc_column css=&#8221;.vc_custom_1479889131039{margin-top: 1em !important;margin-bottom: -3.5em !important;}&#8221;]<div id=\"sc_title_647939732\"\r\n\t\tclass=\"sc_title sc_title_default\"><h6 class=\"sc_item_subtitle sc_title_subtitle sc_align_center sc_item_title_style_default\">Nos recettes<\/h6><h3 class=\"sc_item_title sc_title_title sc_align_center sc_item_title_style_default\">Une id\u00e9e de recette ?<\/h3><\/div><!-- \/.sc_title -->[vc_empty_space height=&#8221;2.6rem&#8221; alter_height=&#8221;none&#8221; hide_on_mobile=&#8221;&#8221;][\/vc_column][\/vc_row]<\/p>\n<\/section>","protected":false},"excerpt":{"rendered":"<p>Bienvenue dans notre gamme de prunes.<\/p>\n","protected":false},"author":1,"featured_media":0,"template":"","class_list":["post-1851","cpt_services","type-cpt_services","status-publish","hentry","cpt_services_group-nos-fruits"],"yoast_head":"<!-- This site is optimized with the Yoast SEO plugin v21.7 - https:\/\/yoast.com\/wordpress\/plugins\/seo\/ -->\n<title>Prunes - Fruitier des Halles<\/title>\n<meta name=\"robots\" content=\"index, follow, max-snippet:-1, max-image-preview:large, max-video-preview:-1\" \/>\n<link rel=\"canonical\" href=\"https:\/\/www.lefruitierdeshalles.fr\/index.php\/services\/prunes\/\" \/>\n<meta property=\"og:locale\" content=\"fr_FR\" \/>\n<meta property=\"og:type\" content=\"article\" \/>\n<meta property=\"og:title\" content=\"Prunes - Fruitier des Halles\" \/>\n<meta property=\"og:description\" content=\"Bienvenue dans notre gamme de prunes.\" \/>\n<meta property=\"og:url\" content=\"https:\/\/www.lefruitierdeshalles.fr\/index.php\/services\/prunes\/\" \/>\n<meta property=\"og:site_name\" content=\"Fruitier des Halles\" \/>\n<meta property=\"article:modified_time\" content=\"2023-04-27T14:51:31+00:00\" \/>\n<meta name=\"twitter:card\" content=\"summary_large_image\" \/>\n<meta name=\"twitter:label1\" content=\"Dur\u00e9e de lecture estim\u00e9e\" \/>\n\t<meta name=\"twitter:data1\" content=\"4 minutes\" \/>\n<script type=\"application\/ld+json\" class=\"yoast-schema-graph\">{\"@context\":\"https:\/\/schema.org\",\"@graph\":[{\"@type\":\"WebPage\",\"@id\":\"https:\/\/www.lefruitierdeshalles.fr\/index.php\/services\/prunes\/\",\"url\":\"https:\/\/www.lefruitierdeshalles.fr\/index.php\/services\/prunes\/\",\"name\":\"Prunes - Fruitier des Halles\",\"isPartOf\":{\"@id\":\"http:\/\/www.lefruitierdeshalles.fr\/#website\"},\"datePublished\":\"2023-04-21T15:25:36+00:00\",\"dateModified\":\"2023-04-27T14:51:31+00:00\",\"breadcrumb\":{\"@id\":\"https:\/\/www.lefruitierdeshalles.fr\/index.php\/services\/prunes\/#breadcrumb\"},\"inLanguage\":\"fr-FR\",\"potentialAction\":[{\"@type\":\"ReadAction\",\"target\":[\"https:\/\/www.lefruitierdeshalles.fr\/index.php\/services\/prunes\/\"]}]},{\"@type\":\"BreadcrumbList\",\"@id\":\"https:\/\/www.lefruitierdeshalles.fr\/index.php\/services\/prunes\/#breadcrumb\",\"itemListElement\":[{\"@type\":\"ListItem\",\"position\":1,\"name\":\"Accueil\",\"item\":\"http:\/\/www.lefruitierdeshalles.fr\/\"},{\"@type\":\"ListItem\",\"position\":2,\"name\":\"Services\",\"item\":\"http:\/\/www.lefruitierdeshalles.fr\/index.php\/services\/\"},{\"@type\":\"ListItem\",\"position\":3,\"name\":\"Prunes\"}]},{\"@type\":\"WebSite\",\"@id\":\"http:\/\/www.lefruitierdeshalles.fr\/#website\",\"url\":\"http:\/\/www.lefruitierdeshalles.fr\/\",\"name\":\"Fruitier des Halles\",\"description\":\"Primeur \u00e0 Rouen\",\"publisher\":{\"@id\":\"http:\/\/www.lefruitierdeshalles.fr\/#organization\"},\"potentialAction\":[{\"@type\":\"SearchAction\",\"target\":{\"@type\":\"EntryPoint\",\"urlTemplate\":\"http:\/\/www.lefruitierdeshalles.fr\/?s={search_term_string}\"},\"query-input\":\"required name=search_term_string\"}],\"inLanguage\":\"fr-FR\"},{\"@type\":\"Organization\",\"@id\":\"http:\/\/www.lefruitierdeshalles.fr\/#organization\",\"name\":\"Fruitier des Halles\",\"url\":\"http:\/\/www.lefruitierdeshalles.fr\/\",\"logo\":{\"@type\":\"ImageObject\",\"inLanguage\":\"fr-FR\",\"@id\":\"http:\/\/www.lefruitierdeshalles.fr\/#\/schema\/logo\/image\/\",\"url\":\"http:\/\/www.lefruitierdeshalles.fr\/wp-content\/uploads\/2023\/04\/cropped-Logo-3_Plan-de-travail-1-03.png\",\"contentUrl\":\"http:\/\/www.lefruitierdeshalles.fr\/wp-content\/uploads\/2023\/04\/cropped-Logo-3_Plan-de-travail-1-03.png\",\"width\":512,\"height\":512,\"caption\":\"Fruitier des Halles\"},\"image\":{\"@id\":\"http:\/\/www.lefruitierdeshalles.fr\/#\/schema\/logo\/image\/\"},\"sameAs\":[\"https:\/\/www.instagram.com\/lefruitierdeshalles_rouen\/\"]}]}<\/script>\n<!-- \/ Yoast SEO plugin. -->","yoast_head_json":{"title":"Prunes - Fruitier des Halles","robots":{"index":"index","follow":"follow","max-snippet":"max-snippet:-1","max-image-preview":"max-image-preview:large","max-video-preview":"max-video-preview:-1"},"canonical":"https:\/\/www.lefruitierdeshalles.fr\/index.php\/services\/prunes\/","og_locale":"fr_FR","og_type":"article","og_title":"Prunes - Fruitier des Halles","og_description":"Bienvenue dans notre gamme de prunes.","og_url":"https:\/\/www.lefruitierdeshalles.fr\/index.php\/services\/prunes\/","og_site_name":"Fruitier des Halles","article_modified_time":"2023-04-27T14:51:31+00:00","twitter_card":"summary_large_image","twitter_misc":{"Dur\u00e9e de lecture estim\u00e9e":"4 minutes"},"schema":{"@context":"https:\/\/schema.org","@graph":[{"@type":"WebPage","@id":"https:\/\/www.lefruitierdeshalles.fr\/index.php\/services\/prunes\/","url":"https:\/\/www.lefruitierdeshalles.fr\/index.php\/services\/prunes\/","name":"Prunes - Fruitier des Halles","isPartOf":{"@id":"http:\/\/www.lefruitierdeshalles.fr\/#website"},"datePublished":"2023-04-21T15:25:36+00:00","dateModified":"2023-04-27T14:51:31+00:00","breadcrumb":{"@id":"https:\/\/www.lefruitierdeshalles.fr\/index.php\/services\/prunes\/#breadcrumb"},"inLanguage":"fr-FR","potentialAction":[{"@type":"ReadAction","target":["https:\/\/www.lefruitierdeshalles.fr\/index.php\/services\/prunes\/"]}]},{"@type":"BreadcrumbList","@id":"https:\/\/www.lefruitierdeshalles.fr\/index.php\/services\/prunes\/#breadcrumb","itemListElement":[{"@type":"ListItem","position":1,"name":"Accueil","item":"http:\/\/www.lefruitierdeshalles.fr\/"},{"@type":"ListItem","position":2,"name":"Services","item":"http:\/\/www.lefruitierdeshalles.fr\/index.php\/services\/"},{"@type":"ListItem","position":3,"name":"Prunes"}]},{"@type":"WebSite","@id":"http:\/\/www.lefruitierdeshalles.fr\/#website","url":"http:\/\/www.lefruitierdeshalles.fr\/","name":"Fruitier des Halles","description":"Primeur \u00e0 Rouen","publisher":{"@id":"http:\/\/www.lefruitierdeshalles.fr\/#organization"},"potentialAction":[{"@type":"SearchAction","target":{"@type":"EntryPoint","urlTemplate":"http:\/\/www.lefruitierdeshalles.fr\/?s={search_term_string}"},"query-input":"required name=search_term_string"}],"inLanguage":"fr-FR"},{"@type":"Organization","@id":"http:\/\/www.lefruitierdeshalles.fr\/#organization","name":"Fruitier des Halles","url":"http:\/\/www.lefruitierdeshalles.fr\/","logo":{"@type":"ImageObject","inLanguage":"fr-FR","@id":"http:\/\/www.lefruitierdeshalles.fr\/#\/schema\/logo\/image\/","url":"http:\/\/www.lefruitierdeshalles.fr\/wp-content\/uploads\/2023\/04\/cropped-Logo-3_Plan-de-travail-1-03.png","contentUrl":"http:\/\/www.lefruitierdeshalles.fr\/wp-content\/uploads\/2023\/04\/cropped-Logo-3_Plan-de-travail-1-03.png","width":512,"height":512,"caption":"Fruitier des Halles"},"image":{"@id":"http:\/\/www.lefruitierdeshalles.fr\/#\/schema\/logo\/image\/"},"sameAs":["https:\/\/www.instagram.com\/lefruitierdeshalles_rouen\/"]}]}},"_links":{"self":[{"href":"https:\/\/www.lefruitierdeshalles.fr\/index.php\/wp-json\/wp\/v2\/cpt_services\/1851","targetHints":{"allow":["GET"]}}],"collection":[{"href":"https:\/\/www.lefruitierdeshalles.fr\/index.php\/wp-json\/wp\/v2\/cpt_services"}],"about":[{"href":"https:\/\/www.lefruitierdeshalles.fr\/index.php\/wp-json\/wp\/v2\/types\/cpt_services"}],"author":[{"embeddable":true,"href":"https:\/\/www.lefruitierdeshalles.fr\/index.php\/wp-json\/wp\/v2\/users\/1"}],"wp:attachment":[{"href":"https:\/\/www.lefruitierdeshalles.fr\/index.php\/wp-json\/wp\/v2\/media?parent=1851"}],"curies":[{"name":"wp","href":"https:\/\/api.w.org\/{rel}","templated":true}]}}